{"id":12760,"date":"2023-04-29T21:30:08","date_gmt":"2023-04-29T19:30:08","guid":{"rendered":"https:\/\/www.fernandovicente.es\/?page_id=12760"},"modified":"2025-08-02T20:16:27","modified_gmt":"2025-08-02T18:16:27","slug":"ondina-ofelias","status":"publish","type":"page","link":"https:\/\/www.fernandovicente.es\/en\/fine-art\/ondina-ofelias\/","title":{"rendered":"Ondina &#038; Ofelias"},"content":{"rendered":"<div data-midnight=\"dark-title\" class=\"row wpb_row row-fluid\"><div class=\"wpb_column columns medium-12 thb-dark-column small-12\"><div class=\"vc_column-inner \"><div class=\"wpb_wrapper\">\n\t\t\t<!-- START Ondina y Ofelias es REVOLUTION SLIDER 6.7.40 --><p class=\"rs-p-wp-fix\"><\/p>\n\t\t\t<rs-module-wrap id=\"rev_slider_54_1_wrapper\" data-source=\"gallery\" style=\"visibility:hidden;background:#ffffff;padding:0;margin:0px auto;margin-top:0;margin-bottom:0;\">\n\t\t\t\t<rs-module id=\"rev_slider_54_1\" style=\"\" data-version=\"6.7.40\">\n\t\t\t\t\t<rs-slides style=\"overflow: hidden; position: absolute;\">\n\t\t\t\t\t\t<rs-slide style=\"position: absolute;\" data-key=\"rs-247\" data-title=\"Afroditas\" data-anim=\"adpr:false;ms:2000;\" data-in=\"o:0;\" data-out=\"a:false;\">\n\t\t\t\t\t\t\t<img decoding=\"async\" src=\"\/\/www.fernandovicente.es\/wp-content\/plugins\/revslider\/sr6\/assets\/assets\/dummy.png\" alt=\"Afroditas\" title=\"Ondina &#038; Ofelias\" class=\"rev-slidebg tp-rs-img rs-lazyload\" data-lazyload=\"\/\/www.fernandovicente.es\/wp-content\/plugins\/revslider\/sr6\/assets\/assets\/transparent.png\" data-bg=\"p:center top;c:#000000;\" data-parallax=\"1\" data-no-retina>\n<!--\n\t\t\t\t\t\t\t--><rs-layer\n\t\t\t\t\t\t\t\tid=\"slider-54-slide-247-layer-1\" \n\t\t\t\t\t\t\t\tdata-type=\"image\"\n\t\t\t\t\t\t\t\tdata-rsp_ch=\"on\"\n\t\t\t\t\t\t\t\tdata-xy=\"x:c;xo:-25px;y:c;yo:1px;\"\n\t\t\t\t\t\t\t\tdata-text=\"l:22;a:inherit;\"\n\t\t\t\t\t\t\t\tdata-dim=\"w:1933px;h:831px;\"\n\t\t\t\t\t\t\t\tdata-frame_1=\"x:-4px;y:9px;st:500;sp:8020;sR:500;\"\n\t\t\t\t\t\t\t\tdata-frame_999=\"st:w;sp:10;sR:480;auto:true;\"\n\t\t\t\t\t\t\t\tstyle=\"z-index:5;\"\n\t\t\t\t\t\t\t><img decoding=\"async\" src=\"\/\/www.fernandovicente.es\/wp-content\/plugins\/revslider\/sr6\/assets\/assets\/dummy.png\" alt=\"Ondina Fernando Vicente\" class=\"tp-rs-img rs-lazyload\" width=\"1200\" height=\"516\" data-lazyload=\"\/\/www.fernandovicente.es\/wp-content\/uploads\/2014\/11\/Ondina-Fernando-Vicente-slide.jpg\" data-no-retina> \n\t\t\t\t\t\t\t<\/rs-layer><!--\n\n\t\t\t\t\t\t\t--><rs-layer\n\t\t\t\t\t\t\t\tid=\"slider-54-slide-247-layer-2\" \n\t\t\t\t\t\t\t\tclass=\"atlasblanco1\"\n\t\t\t\t\t\t\t\tdata-type=\"text\"\n\t\t\t\t\t\t\t\tdata-color=\"rgb(255, 255, 255)\"\n\t\t\t\t\t\t\t\tdata-rsp_ch=\"on\"\n\t\t\t\t\t\t\t\tdata-xy=\"x:24px;y:b;\"\n\t\t\t\t\t\t\t\tdata-text=\"s:120;l:124;fw:600;a:center;\"\n\t\t\t\t\t\t\t\tdata-frame_1=\"sp:2710;sR:10;\"\n\t\t\t\t\t\t\t\tdata-frame_999=\"o:0;st:w;sR:6280;\"\n\t\t\t\t\t\t\t\tstyle=\"z-index:6;font-family:'Hind';text-shadow:2px 2px 4px #000000;\"\n\t\t\t\t\t\t\t>Ondina y Ofelias \n\t\t\t\t\t\t\t<\/rs-layer><!--\n-->\t\t\t\t\t<\/rs-slide>\n\t\t\t\t\t\t<rs-slide style=\"position: absolute;\" data-key=\"rs-2471\" data-title=\"Afroditas\" data-anim=\"adpr:false;ms:2000;\" data-in=\"o:0;\" data-out=\"a:false;\">\n\t\t\t\t\t\t\t<img decoding=\"async\" src=\"\/\/www.fernandovicente.es\/wp-content\/plugins\/revslider\/sr6\/assets\/assets\/dummy.png\" alt=\"\" title=\"Ondina &#038; Ofelias\" class=\"rev-slidebg tp-rs-img rs-lazyload\" data-lazyload=\"\/\/www.fernandovicente.es\/wp-content\/plugins\/revslider\/sr6\/assets\/assets\/transparent.png\" data-bg=\"p:center top;c:#000000;\" data-parallax=\"1\" data-no-retina>\n<!--\n\t\t\t\t\t\t\t--><rs-layer\n\t\t\t\t\t\t\t\tid=\"slider-54-slide-2471-layer-1\" \n\t\t\t\t\t\t\t\tdata-type=\"image\"\n\t\t\t\t\t\t\t\tdata-rsp_ch=\"on\"\n\t\t\t\t\t\t\t\tdata-xy=\"x:c;xo:-25px;y:c;yo:1px;\"\n\t\t\t\t\t\t\t\tdata-text=\"l:22;a:inherit;\"\n\t\t\t\t\t\t\t\tdata-dim=\"w:1933px;h:831px;\"\n\t\t\t\t\t\t\t\tdata-frame_1=\"x:-4px;y:9px;st:500;sp:8020;sR:500;\"\n\t\t\t\t\t\t\t\tdata-frame_999=\"st:w;sp:10;sR:480;auto:true;\"\n\t\t\t\t\t\t\t\tstyle=\"z-index:5;\"\n\t\t\t\t\t\t\t><img decoding=\"async\" src=\"\/\/www.fernandovicente.es\/wp-content\/plugins\/revslider\/sr6\/assets\/assets\/dummy.png\" alt=\"\" class=\"tp-rs-img rs-lazyload\" width=\"1200\" height=\"516\" data-lazyload=\"\/\/www.fernandovicente.es\/wp-content\/uploads\/2014\/11\/Ondina-Fernando-Vicente-slide.jpg\" data-no-retina> \n\t\t\t\t\t\t\t<\/rs-layer><!--\n\n\t\t\t\t\t\t\t--><rs-layer\n\t\t\t\t\t\t\t\tid=\"slider-54-slide-2471-layer-2\" \n\t\t\t\t\t\t\t\tclass=\"atlasblanco1\"\n\t\t\t\t\t\t\t\tdata-type=\"text\"\n\t\t\t\t\t\t\t\tdata-color=\"rgb(255, 255, 255)\"\n\t\t\t\t\t\t\t\tdata-rsp_ch=\"on\"\n\t\t\t\t\t\t\t\tdata-xy=\"x:24px;y:b;\"\n\t\t\t\t\t\t\t\tdata-text=\"s:120;l:124;fw:600;a:center;\"\n\t\t\t\t\t\t\t\tdata-frame_1=\"sp:2710;sR:10;\"\n\t\t\t\t\t\t\t\tdata-frame_999=\"o:0;st:w;sR:6280;\"\n\t\t\t\t\t\t\t\tstyle=\"z-index:6;font-family:'Hind';text-shadow:2px 2px 4px #000000;\"\n\t\t\t\t\t\t\t>Ondina y Ofelias \n\t\t\t\t\t\t\t<\/rs-layer><!--\n-->\t\t\t\t\t<\/rs-slide>\n\t\t\t\t\t<\/rs-slides>\n\t\t\t\t<\/rs-module>\n\t\t\t\t<script>\n\t\t\t\t\tsetREVStartSize({c: 'rev_slider_54_1',rl:[1240,1024,778,480],el:[450],gw:[1920],gh:[450],type:'standard',justify:'',layout:'fullwidth',mh:\"450\"});if (window.RS_MODULES!==undefined && window.RS_MODULES.modules!==undefined && window.RS_MODULES.modules[\"revslider541\"]!==undefined) {window.RS_MODULES.modules[\"revslider541\"].once = false;window.revapi54 = undefined;if (window.RS_MODULES.checkMinimal!==undefined) window.RS_MODULES.checkMinimal()}\n\t\t\t\t<\/script>\n\t\t\t<\/rs-module-wrap>\n\t\t\t<!-- END REVOLUTION SLIDER -->\n<\/div><\/div><\/div><\/div><div data-midnight=\"dark-title\" class=\"row wpb_row row-fluid\"><div class=\"wpb_column columns medium-12 thb-dark-column small-12\"><div class=\"vc_column-inner \"><div class=\"wpb_wrapper\"><div class=\"vc_empty_space\"   style=\"height: 32px\"><span class=\"vc_empty_space_inner\"><\/span><\/div><\/div><\/div><\/div><\/div><div data-midnight=\"dark-title\" class=\"row wpb_row row-fluid\"><div class=\"wpb_column columns medium-12 thb-dark-column small-12\"><div class=\"vc_column-inner \"><div class=\"wpb_wrapper\">\r\n\t<div class=\"wpb_text_column wpb_content_element  \">\r\n\t\t<div class=\"wpb_wrapper\">\r\n\t\t\t<h2 style=\"text-align: center;\">Serie ONDINA &amp; OFELIAS<\/h2>\n\r\n\t\t<\/div>\r\n\t<\/div>\r\n<\/div><\/div><\/div><\/div><div data-midnight=\"dark-title\" class=\"row wpb_row row-fluid\"><div class=\"wpb_column columns medium-12 thb-dark-column small-12\"><div class=\"vc_column-inner \"><div class=\"wpb_wrapper\"><div id=\"ts-vcsc-image-gallery-4317715\" class=\"ts-image-gallery-wrapper ts-kraut-lightbox-frame   \" data-style=\"grid\" data-break-parents=\"6\" data-inline=\"false\" style=\"margin-top: 0px; margin-bottom: 0px; position: relative;\"><div id=\"ts-vcsc-image-gallery-4317715-grid\" class=\"ts-lightbox-gallery-grid\"><a style=\"width: 20%; height: 100%; display: inline-block; margin: 0; padding: 0;; display: none;\" id=\"krautgroup4317715-0\" href=\"https:\/\/www.fernandovicente.es\/wp-content\/uploads\/2021\/07\/Ondina-Fernando-Vicente.jpg\" target=\"_blank\" data-preview=\"https:\/\/www.fernandovicente.es\/wp-content\/uploads\/2021\/07\/Ondina-Fernando-Vicente.jpg\" data-thumbnail=\"https:\/\/www.fernandovicente.es\/wp-content\/uploads\/2021\/07\/Ondina-Fernando-Vicente.jpg\" data-include=\"true\" data-hover=\"Ondina Fernando Vicente\" data-alt=\"\" data-title=\"Ondina Fernando Vicente\" data-groups=\"\" class=\"kraut-lightbox-media no-ajaxy ts-hover-image krautgroup4317715 nofancybox\" rel=\"krautgroup4317715\" data-effect=\"simpleSwitch\" data-nohashes=\"true\" data-usecors=\"global\" data-save=\"0\" data-share=\"1\" data-no-lazy=\"1\">#1<\/a><a style=\"width: 20%; height: 100%; display: inline-block; margin: 0; padding: 0;; display: none;\" id=\"krautgroup4317715-1\" href=\"https:\/\/www.fernandovicente.es\/wp-content\/uploads\/2019\/10\/Ofelia-I-100-Fernando-Vicente.jpeg\" target=\"_blank\" data-preview=\"https:\/\/www.fernandovicente.es\/wp-content\/uploads\/2019\/10\/Ofelia-I-100-Fernando-Vicente.jpeg\" data-thumbnail=\"https:\/\/www.fernandovicente.es\/wp-content\/uploads\/2019\/10\/Ofelia-I-100-Fernando-Vicente.jpeg\" data-include=\"true\" data-hover=\"Ofelia I 100 Fernando Vicente\" data-alt=\"\" data-title=\"Ofelia I 100 Fernando Vicente\" data-groups=\"\" class=\"kraut-lightbox-media no-ajaxy ts-hover-image krautgroup4317715 nofancybox\" rel=\"krautgroup4317715\" data-effect=\"simpleSwitch\" data-nohashes=\"true\" data-usecors=\"global\" data-save=\"0\" data-share=\"1\" data-no-lazy=\"1\">#2<\/a><a style=\"width: 20%; height: 100%; display: inline-block; margin: 0; padding: 0;; display: none;\" id=\"krautgroup4317715-2\" href=\"https:\/\/www.fernandovicente.es\/wp-content\/uploads\/2019\/10\/Ofelia-II-100-Fernando-Vicente.jpeg\" target=\"_blank\" data-preview=\"https:\/\/www.fernandovicente.es\/wp-content\/uploads\/2019\/10\/Ofelia-II-100-Fernando-Vicente.jpeg\" data-thumbnail=\"https:\/\/www.fernandovicente.es\/wp-content\/uploads\/2019\/10\/Ofelia-II-100-Fernando-Vicente.jpeg\" data-include=\"true\" data-hover=\"Ofelia II 100 Fernando Vicente\" data-alt=\"\" data-title=\"Ofelia II 100 Fernando Vicente\" data-groups=\"\" class=\"kraut-lightbox-media no-ajaxy ts-hover-image krautgroup4317715 nofancybox\" rel=\"krautgroup4317715\" data-effect=\"simpleSwitch\" data-nohashes=\"true\" data-usecors=\"global\" data-save=\"0\" data-share=\"1\" data-no-lazy=\"1\">#3<\/a><a style=\"width: 20%; height: 100%; display: inline-block; margin: 0; padding: 0;; display: none;\" id=\"krautgroup4317715-3\" href=\"https:\/\/www.fernandovicente.es\/wp-content\/uploads\/2019\/10\/Ofelia-III-90-Fernando-Vicente.jpeg\" target=\"_blank\" data-preview=\"https:\/\/www.fernandovicente.es\/wp-content\/uploads\/2019\/10\/Ofelia-III-90-Fernando-Vicente-300x300.jpeg\" data-thumbnail=\"https:\/\/www.fernandovicente.es\/wp-content\/uploads\/2019\/10\/Ofelia-III-90-Fernando-Vicente-300x300.jpeg\" data-random=\"4317715\" data-include=\"true\" data-hover=\"Ofelia III 90 Fernando Vicente\" data-alt=\"\" data-title=\"Ofelia III 90 Fernando Vicente\" data-groups=\"\" class=\"kraut-lightbox-media no-ajaxy ts-hover-image krautgroup4317715 nofancybox\" rel=\"krautgroup4317715\" data-effect=\"simpleSwitch\" data-usecors=\"global\" data-save=\"0\" data-share=\"1\" data-play=\"1\" data-autoplay=\"0\" data-duration=\"5000\" data-thumbsize=\"100\" data-thumbs=\"bottom\"  data-nohashes=\"true\" data-captions=\"true\" data-grid=\"240,480,720,960\" data-gridpreloader=\"false\" data-gridspace=\"2\" data-gridorder=\"false\" data-gridfilter=\"true\" data-gridavailable=\"Available Groups\" data-gridselected=\"Filtered Groups\" data-gridnogroups=\"No Groups\" data-gridtoggle=\"Toggle Filter\" data-gridtogglestyle=\"ts-color-button-belize-hole-flat\" data-gridshowall=\"Show All\" data-gridshowallstyle=\"ts-color-button-green-sea-flat\" data-no-lazy=\"1\">#4<\/a><\/div><\/div><\/div><\/div><\/div><\/div><div data-midnight=\"dark-title\" class=\"row wpb_row row-fluid\"><div class=\"wpb_column columns medium-4 thb-dark-column small-12\"><div class=\"vc_column-inner \"><div class=\"wpb_wrapper\"><div class=\"fb_like wpb_content_element fb_type_standard wpb_content_element\" ><iframe src=\"https:\/\/www.facebook.com\/plugins\/like.php?href=https:\/\/www.fernandovicente.es\/en\/fine-art\/ondina-ofelias\/&amp;layout=standard&amp;show_faces=false&amp;action=like&amp;colorscheme=light\" scrolling=\"no\" frameborder=\"0\" allowTransparency=\"true\"><\/iframe><\/div><\/div><\/div><\/div><div class=\"wpb_column columns medium-4 thb-dark-column small-12\"><div class=\"vc_column-inner \"><div class=\"wpb_wrapper\"><div  class=\"vc_tweetmeme-element wpb_content_element\"><a href=\"https:\/\/twitter.com\/share\" class=\"twitter-share-button\" >Tweet<\/a><script>!function(d,s,id){var js,fjs=d.getElementsByTagName(s)[0],p=\/^http:\/.test(d.location)?'http':'https';if(!d.getElementById(id)){js=d.createElement(s);js.id=id;js.src=p+':\/\/platform.twitter.com\/widgets.js';fjs.parentNode.insertBefore(js,fjs);}}(document, 'script', 'twitter-wjs');<\/script><\/div><\/div><\/div><\/div><div class=\"wpb_column columns medium-4 thb-dark-column small-12\"><div class=\"vc_column-inner \"><div class=\"wpb_wrapper\"><div class=\"wpb_pinterest wpb_content_element wpb_pinterest_type_horizontal wpb_content_element\" ><a href=\"https:\/\/pinterest.com\/pin\/create\/button\/?url=https%3A%2F%2Fwww.fernandovicente.es%2Fen%2Ffine-art%2Fondina-ofelias%2F&amp;media=https%3A%2F%2Fwww.fernandovicente.es%2Fwp-content%2Fuploads%2F2021%2F07%2FOndina-Fernando-Vicente.jpg\" class=\"pin-it-button\" count-layout=\"horizontal\"><img decoding=\"async\" border=\"0\" src=\"https:\/\/assets.pinterest.com\/images\/PinExt.png\" title=\"Pin It\" \/><\/a><\/div><\/div><\/div><\/div><\/div><div data-midnight=\"dark-title\" class=\"row wpb_row row-fluid\"><div class=\"wpb_column columns medium-12 thb-dark-column small-12\"><div class=\"vc_column-inner \"><div class=\"wpb_wrapper\">\r\n\t<div class=\"wpb_text_column wpb_content_element  \">\r\n\t\t<div class=\"wpb_wrapper\">\r\n\t\t\t<p style=\"text-align: center;\"><a href=\"https:\/\/fernandovicenteblog.blogspot.com\/\">Otras series de Pintura<\/a><\/p>\n\r\n\t\t<\/div>\r\n\t<\/div>\r\n<\/div><\/div><\/div><\/div><div data-midnight=\"dark-title\" class=\"row wpb_row row-fluid\"><div class=\"wpb_column columns medium-12 thb-dark-column small-12\"><div class=\"vc_column-inner \"><div class=\"wpb_wrapper\">\r\n\t<div class=\"wpb_text_column wpb_content_element  \">\r\n\t\t<div class=\"wpb_wrapper\">\r\n\t\t\t<h3>Extracto de la entrevista realizada por la exposici\u00f3n &#8220;Tondos&#8221; en 2023.<\/h3>\n<p>Se trata de una serie de piezas todas pintadas al \u00f3leo sobre tabla y todas, que como reza el titulo, son redondas. Un formato en el que me siento muy c\u00f3modo y que ya empieza a ser casi una se\u00f1a de identidad en mi trabajo.<\/p>\n<p>Es posible encontrar en estas piezas constantes combinaciones de lo pasado y lo presente, de temas medievales, religiosos, orientales o inspirados en la Historia del Arte y tatuajes y miradas muy contempor\u00e1neos, por ejemplo \u00bfHasta qu\u00e9 punto ese di\u00e1logo es relevante en su producci\u00f3n y cu\u00e1les son sus referentes m\u00e1s habituales?<br \/>Se pueden encontrar todas estas cosas, y como siempre trabajo sobre las cosas que me obsesionan.\u00a0 Mis exposiciones son tem\u00e1ticas y muchas veces parten de mis colecciones, por as\u00ed decirlo. En este caso, es un homenaje muy particular a la historia de la pintura y lo que para mi representa. Se pueden observar algunos fondos paisajes a la manera de Patinir o el Bosco, por ejemplo,\u00a0 retratos de aire renacentista y tambi\u00e9n claroscuros a lo Caravaggio, que me fascinan, como no.<br \/>Tiene que ver con mis recientes visitas al Museo del Prado porque soy asiduo visitante desde hace m\u00e1s de 40 a\u00f1os.<\/p>\n\r\n\t\t<\/div>\r\n\t<\/div>\r\n<\/div><\/div><\/div><\/div>\n","protected":false},"excerpt":{"rendered":"Ondina y Ofelias Ondina y Ofelias Serie ONDINA &amp; OFELIAS #1#2#3#4Tweet Otras series de Pintura Extracto de la entrevista realizada por la exposici\u00f3n \"Tondos\" en&hellip;","protected":false},"author":2,"featured_media":11195,"parent":2194,"menu_order":0,"comment_status":"closed","ping_status":"closed","template":"","meta":{"footnotes":""},"class_list":["post-12760","page","type-page","status-publish","has-post-thumbnail","hentry"],"yoast_head":"<!-- This site is optimized with the Yoast SEO plugin v26.9 - https:\/\/yoast.com\/product\/yoast-seo-wordpress\/ -->\n<title>Ondina &amp; Ofelias - Fernando Vicente<\/title>\n<meta name=\"description\" content=\"Ondina &amp; Ofelias is a series of paintings done in oil on wood, in a round format, classically tondo.\" \/>\n<meta name=\"robots\" content=\"index, follow, max-snippet:-1, max-image-preview:large, max-video-preview:-1\" \/>\n<link rel=\"canonical\" href=\"https:\/\/www.fernandovicente.es\/en\/fine-art\/ondina-ofelias\/\" \/>\n<meta property=\"og:locale\" content=\"en_US\" \/>\n<meta property=\"og:type\" content=\"article\" \/>\n<meta property=\"og:title\" content=\"Ondina &amp; Ofelias - Fernando Vicente\" \/>\n<meta property=\"og:description\" content=\"Ondina &amp; Ofelias is a series of paintings done in oil on wood, in a round format, classically tondo.\" \/>\n<meta property=\"og:url\" content=\"https:\/\/www.fernandovicente.es\/en\/fine-art\/ondina-ofelias\/\" \/>\n<meta property=\"og:site_name\" content=\"Fernando Vicente\" \/>\n<meta property=\"article:publisher\" content=\"https:\/\/www.facebook.com\/FernandoVicenteIllustrator\/\" \/>\n<meta property=\"article:modified_time\" content=\"2025-08-02T18:16:27+00:00\" \/>\n<meta property=\"og:image\" content=\"https:\/\/www.fernandovicente.es\/wp-content\/uploads\/2021\/07\/Ondina-Fernando-Vicente.jpg\" \/>\n\t<meta property=\"og:image:width\" content=\"601\" \/>\n\t<meta property=\"og:image:height\" content=\"600\" \/>\n\t<meta property=\"og:image:type\" content=\"image\/jpeg\" \/>\n<meta name=\"twitter:card\" content=\"summary_large_image\" \/>\n<meta name=\"twitter:site\" content=\"@fvicente_illust\" \/>\n<meta name=\"twitter:label1\" content=\"Est. reading time\" \/>\n\t<meta name=\"twitter:data1\" content=\"1 minute\" \/>\n<script type=\"application\/ld+json\" class=\"yoast-schema-graph\">{\"@context\":\"https:\/\/schema.org\",\"@graph\":[{\"@type\":\"WebPage\",\"@id\":\"https:\/\/www.fernandovicente.es\/en\/fine-art\/ondina-ofelias\/\",\"url\":\"https:\/\/www.fernandovicente.es\/en\/fine-art\/ondina-ofelias\/\",\"name\":\"Ondina & Ofelias - Fernando Vicente\",\"isPartOf\":{\"@id\":\"https:\/\/www.fernandovicente.es\/en\/#website\"},\"primaryImageOfPage\":{\"@id\":\"https:\/\/www.fernandovicente.es\/en\/fine-art\/ondina-ofelias\/#primaryimage\"},\"image\":{\"@id\":\"https:\/\/www.fernandovicente.es\/en\/fine-art\/ondina-ofelias\/#primaryimage\"},\"thumbnailUrl\":\"https:\/\/www.fernandovicente.es\/wp-content\/uploads\/2021\/07\/Ondina-Fernando-Vicente.jpg\",\"datePublished\":\"2023-04-29T19:30:08+00:00\",\"dateModified\":\"2025-08-02T18:16:27+00:00\",\"description\":\"Ondina & Ofelias is a series of paintings done in oil on wood, in a round format, classically tondo.\",\"breadcrumb\":{\"@id\":\"https:\/\/www.fernandovicente.es\/en\/fine-art\/ondina-ofelias\/#breadcrumb\"},\"inLanguage\":\"en-US\",\"potentialAction\":[{\"@type\":\"ReadAction\",\"target\":[\"https:\/\/www.fernandovicente.es\/en\/fine-art\/ondina-ofelias\/\"]}]},{\"@type\":\"ImageObject\",\"inLanguage\":\"en-US\",\"@id\":\"https:\/\/www.fernandovicente.es\/en\/fine-art\/ondina-ofelias\/#primaryimage\",\"url\":\"https:\/\/www.fernandovicente.es\/wp-content\/uploads\/2021\/07\/Ondina-Fernando-Vicente.jpg\",\"contentUrl\":\"https:\/\/www.fernandovicente.es\/wp-content\/uploads\/2021\/07\/Ondina-Fernando-Vicente.jpg\",\"width\":601,\"height\":600,\"caption\":\"Ondina Fernando Vicente\"},{\"@type\":\"BreadcrumbList\",\"@id\":\"https:\/\/www.fernandovicente.es\/en\/fine-art\/ondina-ofelias\/#breadcrumb\",\"itemListElement\":[{\"@type\":\"ListItem\",\"position\":1,\"name\":\"Portada\",\"item\":\"https:\/\/www.fernandovicente.es\/en\/\"},{\"@type\":\"ListItem\",\"position\":2,\"name\":\"Fine Art\",\"item\":\"https:\/\/www.fernandovicente.es\/en\/pinturas-fernando-vicente\/\"},{\"@type\":\"ListItem\",\"position\":3,\"name\":\"Ondina &#038; Ofelias\"}]},{\"@type\":\"WebSite\",\"@id\":\"https:\/\/www.fernandovicente.es\/en\/#website\",\"url\":\"https:\/\/www.fernandovicente.es\/en\/\",\"name\":\"Fernando Vicente\",\"description\":\"Ilustraci\u00f3n\",\"publisher\":{\"@id\":\"https:\/\/www.fernandovicente.es\/en\/#\/schema\/person\/d49677cb48f2ea656b28261dd8f75d7f\"},\"potentialAction\":[{\"@type\":\"SearchAction\",\"target\":{\"@type\":\"EntryPoint\",\"urlTemplate\":\"https:\/\/www.fernandovicente.es\/en\/?s={search_term_string}\"},\"query-input\":{\"@type\":\"PropertyValueSpecification\",\"valueRequired\":true,\"valueName\":\"search_term_string\"}}],\"inLanguage\":\"en-US\"},{\"@type\":[\"Person\",\"Organization\"],\"@id\":\"https:\/\/www.fernandovicente.es\/en\/#\/schema\/person\/d49677cb48f2ea656b28261dd8f75d7f\",\"name\":\"Fernando Vicente\",\"image\":{\"@type\":\"ImageObject\",\"inLanguage\":\"en-US\",\"@id\":\"https:\/\/www.fernandovicente.es\/en\/#\/schema\/person\/image\/\",\"url\":\"https:\/\/www.fernandovicente.es\/wp-content\/uploads\/2014\/11\/fernando-vicente-Foto-e1419619123418.jpg\",\"contentUrl\":\"https:\/\/www.fernandovicente.es\/wp-content\/uploads\/2014\/11\/fernando-vicente-Foto-e1419619123418.jpg\",\"width\":300,\"height\":300,\"caption\":\"Fernando Vicente\"},\"logo\":{\"@id\":\"https:\/\/www.fernandovicente.es\/en\/#\/schema\/person\/image\/\"},\"description\":\"Fernando Vicente - Painter &amp; illustrator\",\"sameAs\":[\"http:\/\/www.fernandovicente.es\",\"https:\/\/www.facebook.com\/FernandoVicenteIllustrator\/\",\"https:\/\/www.instagram.com\/fvicente_illust\/\",\"https:\/\/www.linkedin.com\/in\/fernando-vicente-97595012\",\"https:\/\/www.pinterest.es\/FVicente_illust\/\",\"https:\/\/x.com\/https:\/\/twitter.com\/fvicente_illust\"]}]}<\/script>\n<!-- \/ Yoast SEO plugin. -->","yoast_head_json":{"title":"Ondina & Ofelias - Fernando Vicente","description":"Ondina & Ofelias is a series of paintings done in oil on wood, in a round format, classically tondo.","robots":{"index":"index","follow":"follow","max-snippet":"max-snippet:-1","max-image-preview":"max-image-preview:large","max-video-preview":"max-video-preview:-1"},"canonical":"https:\/\/www.fernandovicente.es\/en\/fine-art\/ondina-ofelias\/","og_locale":"en_US","og_type":"article","og_title":"Ondina & Ofelias - Fernando Vicente","og_description":"Ondina & Ofelias is a series of paintings done in oil on wood, in a round format, classically tondo.","og_url":"https:\/\/www.fernandovicente.es\/en\/fine-art\/ondina-ofelias\/","og_site_name":"Fernando Vicente","article_publisher":"https:\/\/www.facebook.com\/FernandoVicenteIllustrator\/","article_modified_time":"2025-08-02T18:16:27+00:00","og_image":[{"width":601,"height":600,"url":"https:\/\/www.fernandovicente.es\/wp-content\/uploads\/2021\/07\/Ondina-Fernando-Vicente.jpg","type":"image\/jpeg"}],"twitter_card":"summary_large_image","twitter_site":"@fvicente_illust","twitter_misc":{"Est. reading time":"1 minute"},"schema":{"@context":"https:\/\/schema.org","@graph":[{"@type":"WebPage","@id":"https:\/\/www.fernandovicente.es\/en\/fine-art\/ondina-ofelias\/","url":"https:\/\/www.fernandovicente.es\/en\/fine-art\/ondina-ofelias\/","name":"Ondina & Ofelias - Fernando Vicente","isPartOf":{"@id":"https:\/\/www.fernandovicente.es\/en\/#website"},"primaryImageOfPage":{"@id":"https:\/\/www.fernandovicente.es\/en\/fine-art\/ondina-ofelias\/#primaryimage"},"image":{"@id":"https:\/\/www.fernandovicente.es\/en\/fine-art\/ondina-ofelias\/#primaryimage"},"thumbnailUrl":"https:\/\/www.fernandovicente.es\/wp-content\/uploads\/2021\/07\/Ondina-Fernando-Vicente.jpg","datePublished":"2023-04-29T19:30:08+00:00","dateModified":"2025-08-02T18:16:27+00:00","description":"Ondina & Ofelias is a series of paintings done in oil on wood, in a round format, classically tondo.","breadcrumb":{"@id":"https:\/\/www.fernandovicente.es\/en\/fine-art\/ondina-ofelias\/#breadcrumb"},"inLanguage":"en-US","potentialAction":[{"@type":"ReadAction","target":["https:\/\/www.fernandovicente.es\/en\/fine-art\/ondina-ofelias\/"]}]},{"@type":"ImageObject","inLanguage":"en-US","@id":"https:\/\/www.fernandovicente.es\/en\/fine-art\/ondina-ofelias\/#primaryimage","url":"https:\/\/www.fernandovicente.es\/wp-content\/uploads\/2021\/07\/Ondina-Fernando-Vicente.jpg","contentUrl":"https:\/\/www.fernandovicente.es\/wp-content\/uploads\/2021\/07\/Ondina-Fernando-Vicente.jpg","width":601,"height":600,"caption":"Ondina Fernando Vicente"},{"@type":"BreadcrumbList","@id":"https:\/\/www.fernandovicente.es\/en\/fine-art\/ondina-ofelias\/#breadcrumb","itemListElement":[{"@type":"ListItem","position":1,"name":"Portada","item":"https:\/\/www.fernandovicente.es\/en\/"},{"@type":"ListItem","position":2,"name":"Fine Art","item":"https:\/\/www.fernandovicente.es\/en\/pinturas-fernando-vicente\/"},{"@type":"ListItem","position":3,"name":"Ondina &#038; Ofelias"}]},{"@type":"WebSite","@id":"https:\/\/www.fernandovicente.es\/en\/#website","url":"https:\/\/www.fernandovicente.es\/en\/","name":"Fernando Vicente","description":"Ilustraci\u00f3n","publisher":{"@id":"https:\/\/www.fernandovicente.es\/en\/#\/schema\/person\/d49677cb48f2ea656b28261dd8f75d7f"},"potentialAction":[{"@type":"SearchAction","target":{"@type":"EntryPoint","urlTemplate":"https:\/\/www.fernandovicente.es\/en\/?s={search_term_string}"},"query-input":{"@type":"PropertyValueSpecification","valueRequired":true,"valueName":"search_term_string"}}],"inLanguage":"en-US"},{"@type":["Person","Organization"],"@id":"https:\/\/www.fernandovicente.es\/en\/#\/schema\/person\/d49677cb48f2ea656b28261dd8f75d7f","name":"Fernando Vicente","image":{"@type":"ImageObject","inLanguage":"en-US","@id":"https:\/\/www.fernandovicente.es\/en\/#\/schema\/person\/image\/","url":"https:\/\/www.fernandovicente.es\/wp-content\/uploads\/2014\/11\/fernando-vicente-Foto-e1419619123418.jpg","contentUrl":"https:\/\/www.fernandovicente.es\/wp-content\/uploads\/2014\/11\/fernando-vicente-Foto-e1419619123418.jpg","width":300,"height":300,"caption":"Fernando Vicente"},"logo":{"@id":"https:\/\/www.fernandovicente.es\/en\/#\/schema\/person\/image\/"},"description":"Fernando Vicente - Painter &amp; illustrator","sameAs":["http:\/\/www.fernandovicente.es","https:\/\/www.facebook.com\/FernandoVicenteIllustrator\/","https:\/\/www.instagram.com\/fvicente_illust\/","https:\/\/www.linkedin.com\/in\/fernando-vicente-97595012","https:\/\/www.pinterest.es\/FVicente_illust\/","https:\/\/x.com\/https:\/\/twitter.com\/fvicente_illust"]}]}},"_links":{"self":[{"href":"https:\/\/www.fernandovicente.es\/en\/wp-json\/wp\/v2\/pages\/12760","targetHints":{"allow":["GET"]}}],"collection":[{"href":"https:\/\/www.fernandovicente.es\/en\/wp-json\/wp\/v2\/pages"}],"about":[{"href":"https:\/\/www.fernandovicente.es\/en\/wp-json\/wp\/v2\/types\/page"}],"author":[{"embeddable":true,"href":"https:\/\/www.fernandovicente.es\/en\/wp-json\/wp\/v2\/users\/2"}],"replies":[{"embeddable":true,"href":"https:\/\/www.fernandovicente.es\/en\/wp-json\/wp\/v2\/comments?post=12760"}],"version-history":[{"count":4,"href":"https:\/\/www.fernandovicente.es\/en\/wp-json\/wp\/v2\/pages\/12760\/revisions"}],"predecessor-version":[{"id":16751,"href":"https:\/\/www.fernandovicente.es\/en\/wp-json\/wp\/v2\/pages\/12760\/revisions\/16751"}],"up":[{"embeddable":true,"href":"https:\/\/www.fernandovicente.es\/en\/wp-json\/wp\/v2\/pages\/2194"}],"wp:featuredmedia":[{"embeddable":true,"href":"https:\/\/www.fernandovicente.es\/en\/wp-json\/wp\/v2\/media\/11195"}],"wp:attachment":[{"href":"https:\/\/www.fernandovicente.es\/en\/wp-json\/wp\/v2\/media?parent=12760"}],"curies":[{"name":"wp","href":"https:\/\/api.w.org\/{rel}","templated":true}]}}