{"id":2208,"date":"2014-11-05T17:32:25","date_gmt":"2014-11-05T17:32:25","guid":{"rendered":"http:\/\/www.fernandovicente.es\/?page_id=2208"},"modified":"2026-03-01T13:38:32","modified_gmt":"2026-03-01T11:38:32","slug":"exhibitions","status":"publish","type":"page","link":"https:\/\/www.fernandovicente.es\/en\/exhibitions\/","title":{"rendered":"Exhibitions"},"content":{"rendered":"<div data-midnight=\"dark-title\" class=\"row wpb_row row-fluid\"><div class=\"wpb_column columns medium-12 thb-dark-column small-12\"><div class=\"vc_column-inner \"><div class=\"wpb_wrapper\">\r\n\t<div class=\"wpb_text_column wpb_content_element   panel-header\">\r\n\t\t<div class=\"wpb_wrapper\">\r\n\t\t\t<h1 style=\"text-align: center;\">Exhibitions<\/h1>\n\r\n\t\t<\/div>\r\n\t<\/div>\r\n<\/div><\/div><\/div><\/div><div data-midnight=\"dark-title\" class=\"row wpb_row row-fluid\"><div class=\"wpb_column columns medium-12 thb-dark-column small-12\"><div class=\"vc_column-inner \"><div class=\"wpb_wrapper\"><div id=\"ts-vcsc-image-gallery-4531070\" class=\"ts-image-gallery-wrapper ts-kraut-lightbox-frame   \" data-style=\"slider\" data-break-parents=\"6\" data-inline=\"false\" style=\"margin-top: 0px; margin-bottom: 0px; position: relative;\"><div id=\"ts-lightbox-gallery-slider-4531070-container\" class=\"ts-lightbox-gallery-container\" style=\"margin-top: 0px; margin-bottom: 0px;\"><div id=\"ts-owlslider-controls-4531070\" class=\"ts-owlslider-controls\" style=\"display: block;\"><div id=\"ts-owlslider-controls-next-4531070\" style=\"display: block;\" class=\"ts-owlslider-controls-next\" title=\"Next\"><span class=\"ts-ecommerce-arrowright5\"><\/span><\/div><div id=\"ts-owlslider-controls-prev-4531070\" style=\"display: block;\" class=\"ts-owlslider-controls-prev\" title=\"Previous\"><span class=\"ts-ecommerce-arrowleft5\"><\/span><\/div><div id=\"ts-owlslider-controls-refresh-4531070\" style=\"display: none;\" class=\"ts-owlslider-controls-refresh\" title=\"Refresh\"><span class=\"ts-ecommerce-cycle\"><\/span><\/div><\/div><div id=\"ts-lightbox-gallery-slider-4531070\" class=\"ts-owlslider-parent owl-carousel2 ts-lightbox-gallery-slider\" data-id=\"4531070\" data-items=\"1\" data-breakpointscustom=\"false\" data-breakpointitems=\"1,2,3,4,5,6,7,8\" data-rtl=\"false\" data-loop=\"false\" data-navigation=\"true\" data-dots=\"true\" data-mobile=\"false\" data-animationin=\"ts-viewport-css-flipInX\" data-animationout=\"ts-viewport-css-slideOutDown\" data-height=\"true\" data-play=\"false\" data-bar=\"true\" data-color=\"#dd3333\" data-speed=\"5000\" data-hover=\"true\" data-margin=\"10\"><div id=\"krautgroup4531070-0-parent\" class=\"krautgroup4531070-parent  krautgrid-item krautgrid-tile kraut-lightbox-image\" style=\"\"><a id=\"krautgroup4531070-0\" href=\"https:\/\/www.fernandovicente.es\/wp-content\/uploads\/2024\/01\/Exposicion-Tondos-Fernando-Vicente-Jorge-Alcolea-4-scaled.jpg\" target=\"_blank\" data-thumbnail=\"https:\/\/www.fernandovicente.es\/wp-content\/uploads\/2024\/01\/Exposicion-Tondos-Fernando-Vicente-Jorge-Alcolea-4-scaled.jpg\" data-title=\"\" class=\"kraut-lightbox-media no-ajaxy ts-hover-image krautgroup4531070 nofancybox\" rel=\"krautgroup4531070\" data-effect=\"random\" data-nohashes=\"true\" data-usecors=\"global\" data-save=\"0\" data-share=\"1\"><img decoding=\"async\" src=\"https:\/\/www.fernandovicente.es\/wp-content\/uploads\/2024\/01\/Exposicion-Tondos-Fernando-Vicente-Jorge-Alcolea-4-scaled.jpg\" alt=\"\" data-no-lazy=\"1\" style=\"\"><div class=\"krautgrid-caption \"><\/div><\/a><\/div><div id=\"krautgroup4531070-1-parent\" class=\"krautgroup4531070-parent  krautgrid-item krautgrid-tile kraut-lightbox-image\" style=\"\"><a id=\"krautgroup4531070-1\" href=\"https:\/\/www.fernandovicente.es\/wp-content\/uploads\/2024\/01\/Exposicion-Tondos-Fernando-Vicente-Jorge-Alcolea-3.jpg\" target=\"_blank\" data-thumbnail=\"https:\/\/www.fernandovicente.es\/wp-content\/uploads\/2024\/01\/Exposicion-Tondos-Fernando-Vicente-Jorge-Alcolea-3.jpg\" data-title=\"\" class=\"kraut-lightbox-media no-ajaxy ts-hover-image krautgroup4531070 nofancybox\" rel=\"krautgroup4531070\" data-effect=\"random\" data-nohashes=\"true\" data-usecors=\"global\" data-save=\"0\" data-share=\"1\"><img decoding=\"async\" src=\"https:\/\/www.fernandovicente.es\/wp-content\/uploads\/2024\/01\/Exposicion-Tondos-Fernando-Vicente-Jorge-Alcolea-3.jpg\" alt=\"\" data-no-lazy=\"1\" style=\"\"><div class=\"krautgrid-caption \"><\/div><\/a><\/div><div id=\"krautgroup4531070-2-parent\" class=\"krautgroup4531070-parent  krautgrid-item krautgrid-tile kraut-lightbox-image\" style=\"\"><a id=\"krautgroup4531070-2\" href=\"https:\/\/www.fernandovicente.es\/wp-content\/uploads\/2024\/01\/Exposicion-Tondos-Fernando-Vicente-Jorge-Alcolea-2.jpg\" target=\"_blank\" data-thumbnail=\"https:\/\/www.fernandovicente.es\/wp-content\/uploads\/2024\/01\/Exposicion-Tondos-Fernando-Vicente-Jorge-Alcolea-2.jpg\" data-title=\"\" class=\"kraut-lightbox-media no-ajaxy ts-hover-image krautgroup4531070 nofancybox\" rel=\"krautgroup4531070\" data-effect=\"random\" data-nohashes=\"true\" data-usecors=\"global\" data-save=\"0\" data-share=\"1\"><img decoding=\"async\" src=\"https:\/\/www.fernandovicente.es\/wp-content\/uploads\/2024\/01\/Exposicion-Tondos-Fernando-Vicente-Jorge-Alcolea-2.jpg\" alt=\"\" data-no-lazy=\"1\" style=\"\"><div class=\"krautgrid-caption \"><\/div><\/a><\/div><div id=\"krautgroup4531070-3-parent\" class=\"krautgroup4531070-parent  krautgrid-item krautgrid-tile kraut-lightbox-image\" style=\"\"><a id=\"krautgroup4531070-3\" href=\"https:\/\/www.fernandovicente.es\/wp-content\/uploads\/2024\/01\/Exposicion-Tondos-Fernando-Vicente-Jorge-Alcolea-6.jpg\" target=\"_blank\" data-thumbnail=\"https:\/\/www.fernandovicente.es\/wp-content\/uploads\/2024\/01\/Exposicion-Tondos-Fernando-Vicente-Jorge-Alcolea-6.jpg\" data-title=\"\" class=\"kraut-lightbox-media no-ajaxy ts-hover-image krautgroup4531070 nofancybox\" rel=\"krautgroup4531070\" data-effect=\"random\" data-nohashes=\"true\" data-usecors=\"global\" data-save=\"0\" data-share=\"1\"><img decoding=\"async\" src=\"https:\/\/www.fernandovicente.es\/wp-content\/uploads\/2024\/01\/Exposicion-Tondos-Fernando-Vicente-Jorge-Alcolea-6.jpg\" alt=\"\" data-no-lazy=\"1\" style=\"\"><div class=\"krautgrid-caption \"><\/div><\/a><\/div><div id=\"krautgroup4531070-4-parent\" class=\"krautgroup4531070-parent  krautgrid-item krautgrid-tile kraut-lightbox-image\" style=\"\"><a id=\"krautgroup4531070-4\" href=\"https:\/\/www.fernandovicente.es\/wp-content\/uploads\/2024\/01\/Exposicion-Tondos-Fernando-Vicente-Jorge-Alcolea-5.jpg\" target=\"_blank\" data-thumbnail=\"https:\/\/www.fernandovicente.es\/wp-content\/uploads\/2024\/01\/Exposicion-Tondos-Fernando-Vicente-Jorge-Alcolea-5.jpg\" data-title=\"\" class=\"kraut-lightbox-media no-ajaxy ts-hover-image krautgroup4531070 nofancybox\" rel=\"krautgroup4531070\" data-effect=\"random\" data-nohashes=\"true\" data-usecors=\"global\" data-save=\"0\" data-share=\"1\"><img decoding=\"async\" src=\"https:\/\/www.fernandovicente.es\/wp-content\/uploads\/2024\/01\/Exposicion-Tondos-Fernando-Vicente-Jorge-Alcolea-5.jpg\" alt=\"\" data-no-lazy=\"1\" style=\"\"><div class=\"krautgrid-caption \"><\/div><\/a><\/div><div id=\"krautgroup4531070-5-parent\" class=\"krautgroup4531070-parent  krautgrid-item krautgrid-tile kraut-lightbox-image\" style=\"\"><a id=\"krautgroup4531070-5\" href=\"https:\/\/www.fernandovicente.es\/wp-content\/uploads\/2024\/01\/Exposicion-Tondos-Fernando-Vicente-Jorge-Alcolea.jpg\" target=\"_blank\" data-thumbnail=\"https:\/\/www.fernandovicente.es\/wp-content\/uploads\/2024\/01\/Exposicion-Tondos-Fernando-Vicente-Jorge-Alcolea.jpg\" data-title=\"\" class=\"kraut-lightbox-media no-ajaxy ts-hover-image krautgroup4531070 nofancybox\" rel=\"krautgroup4531070\" data-effect=\"random\" data-nohashes=\"true\" data-usecors=\"global\" data-save=\"0\" data-share=\"1\"><img decoding=\"async\" src=\"https:\/\/www.fernandovicente.es\/wp-content\/uploads\/2024\/01\/Exposicion-Tondos-Fernando-Vicente-Jorge-Alcolea.jpg\" alt=\"\" data-no-lazy=\"1\" style=\"\"><div class=\"krautgrid-caption \"><\/div><\/a><\/div><div id=\"krautgroup4531070-6-parent\" class=\"krautgroup4531070-parent  krautgrid-item krautgrid-tile kraut-lightbox-image\" style=\"\"><a id=\"krautgroup4531070-6\" href=\"https:\/\/www.fernandovicente.es\/wp-content\/uploads\/2024\/01\/Exposicion-de-Anatomias.jpg\" target=\"_blank\" data-thumbnail=\"https:\/\/www.fernandovicente.es\/wp-content\/uploads\/2024\/01\/Exposicion-de-Anatomias.jpg\" data-title=\"\" class=\"kraut-lightbox-media no-ajaxy ts-hover-image krautgroup4531070 nofancybox\" rel=\"krautgroup4531070\" data-effect=\"random\" data-nohashes=\"true\" data-usecors=\"global\" data-save=\"0\" data-share=\"1\"><img decoding=\"async\" src=\"https:\/\/www.fernandovicente.es\/wp-content\/uploads\/2024\/01\/Exposicion-de-Anatomias.jpg\" alt=\"\" data-no-lazy=\"1\" style=\"\"><div class=\"krautgrid-caption \"><\/div><\/a><\/div><div id=\"krautgroup4531070-7-parent\" class=\"krautgroup4531070-parent  krautgrid-item krautgrid-tile kraut-lightbox-image\" style=\"\"><a id=\"krautgroup4531070-7\" href=\"https:\/\/www.fernandovicente.es\/wp-content\/uploads\/2014\/11\/Panoramica-de-la-galeria-Gloria-Exposicion-Venus.jpg\" target=\"_blank\" data-thumbnail=\"https:\/\/www.fernandovicente.es\/wp-content\/uploads\/2014\/11\/Panoramica-de-la-galeria-Gloria-Exposicion-Venus.jpg\" data-title=\"\" class=\"kraut-lightbox-media no-ajaxy ts-hover-image krautgroup4531070 nofancybox\" rel=\"krautgroup4531070\" data-effect=\"random\" data-nohashes=\"true\" data-usecors=\"global\" data-save=\"0\" data-share=\"1\"><img decoding=\"async\" src=\"https:\/\/www.fernandovicente.es\/wp-content\/uploads\/2014\/11\/Panoramica-de-la-galeria-Gloria-Exposicion-Venus.jpg\" alt=\"\" data-no-lazy=\"1\" style=\"\"><div class=\"krautgrid-caption \"><\/div><\/a><\/div><div id=\"krautgroup4531070-8-parent\" class=\"krautgroup4531070-parent  krautgrid-item krautgrid-tile kraut-lightbox-image\" style=\"\"><a id=\"krautgroup4531070-8\" href=\"https:\/\/www.fernandovicente.es\/wp-content\/uploads\/2014\/11\/PanoramaVanitasbaja-scaled.jpg\" target=\"_blank\" data-thumbnail=\"https:\/\/www.fernandovicente.es\/wp-content\/uploads\/2014\/11\/PanoramaVanitasbaja-scaled.jpg\" data-title=\"\" class=\"kraut-lightbox-media no-ajaxy ts-hover-image krautgroup4531070 nofancybox\" rel=\"krautgroup4531070\" data-effect=\"random\" data-nohashes=\"true\" data-usecors=\"global\" data-save=\"0\" data-share=\"1\"><img decoding=\"async\" src=\"https:\/\/www.fernandovicente.es\/wp-content\/uploads\/2014\/11\/PanoramaVanitasbaja-scaled.jpg\" alt=\"\" data-no-lazy=\"1\" style=\"\"><div class=\"krautgrid-caption \"><\/div><\/a><\/div><div id=\"krautgroup4531070-9-parent\" class=\"krautgroup4531070-parent  krautgrid-item krautgrid-tile kraut-lightbox-image\" style=\"\"><a id=\"krautgroup4531070-9\" href=\"https:\/\/www.fernandovicente.es\/wp-content\/uploads\/2014\/11\/Panoramaexpo5.jpg\" target=\"_blank\" data-thumbnail=\"https:\/\/www.fernandovicente.es\/wp-content\/uploads\/2014\/11\/Panoramaexpo5.jpg\" data-title=\"\" class=\"kraut-lightbox-media no-ajaxy ts-hover-image krautgroup4531070 nofancybox\" rel=\"krautgroup4531070\" data-effect=\"random\" data-nohashes=\"true\" data-usecors=\"global\" data-save=\"0\" data-share=\"1\"><img decoding=\"async\" src=\"https:\/\/www.fernandovicente.es\/wp-content\/uploads\/2014\/11\/Panoramaexpo5.jpg\" alt=\"\" data-no-lazy=\"1\" style=\"\"><div class=\"krautgrid-caption \"><\/div><\/a><\/div><div id=\"krautgroup4531070-10-parent\" class=\"krautgroup4531070-parent  krautgrid-item krautgrid-tile kraut-lightbox-image\" style=\"\"><a id=\"krautgroup4531070-10\" href=\"https:\/\/www.fernandovicente.es\/wp-content\/uploads\/2014\/11\/panoramabaja.jpg\" target=\"_blank\" data-thumbnail=\"https:\/\/www.fernandovicente.es\/wp-content\/uploads\/2014\/11\/panoramabaja.jpg\" data-title=\"\" class=\"kraut-lightbox-media no-ajaxy ts-hover-image krautgroup4531070 nofancybox\" rel=\"krautgroup4531070\" data-effect=\"random\" data-nohashes=\"true\" data-usecors=\"global\" data-save=\"0\" data-share=\"1\"><img decoding=\"async\" src=\"https:\/\/www.fernandovicente.es\/wp-content\/uploads\/2014\/11\/panoramabaja.jpg\" alt=\"\" data-no-lazy=\"1\" style=\"\"><div class=\"krautgrid-caption \"><\/div><\/a><\/div><div id=\"krautgroup4531070-11-parent\" class=\"krautgroup4531070-parent  krautgrid-item krautgrid-tile kraut-lightbox-image\" style=\"\"><a id=\"krautgroup4531070-11\" href=\"https:\/\/www.fernandovicente.es\/wp-content\/uploads\/2014\/11\/Panorama-expo4-e1552515527740.jpg\" target=\"_blank\" data-thumbnail=\"https:\/\/www.fernandovicente.es\/wp-content\/uploads\/2014\/11\/Panorama-expo4-e1552515527740.jpg\" data-title=\"\" class=\"kraut-lightbox-media no-ajaxy ts-hover-image krautgroup4531070 nofancybox\" rel=\"krautgroup4531070\" data-effect=\"random\" data-usecors=\"global\" data-save=\"0\" data-share=\"1\" data-play=\"1\" data-play=\"1\" data-autoplay=\"0\" data-duration=\"5000\" data-thumbsize=\"100\" data-thumbs=\"bottom\"  data-nohashes=\"true\"><img decoding=\"async\" src=\"https:\/\/www.fernandovicente.es\/wp-content\/uploads\/2014\/11\/Panorama-expo4-e1552515527740.jpg\" alt=\"\" data-no-lazy=\"1\" style=\"\"><div class=\"krautgrid-caption \"><\/div><\/a><\/div><\/div><\/div><\/div><\/div><\/div><\/div><\/div><div data-midnight=\"dark-title\" class=\"row wpb_row row-fluid\"><div class=\"expo-left wpb_column columns medium-6 thb-dark-column small-12\"><div class=\"vc_column-inner \"><div class=\"wpb_wrapper\">\r\n\t<div class=\"wpb_text_column wpb_content_element  \">\r\n\t\t<div class=\"wpb_wrapper\">\r\n\t\t\t<p>2026<\/p>\n<p>Exhibition of original works by Fernando Vicente at La Embajada de los Tebeos from 9 April to 27 June 2026<\/p>\n<p>2025<\/p>\n<p>Mural Generation of the 50s Links the exhibition \u2018Carmen Mart\u00edn Gaite, a paradigm of women of letters\u2019 and Ignacio Aldecoa. The Craft of Writing, at the National Library of Spain (Madrid). Portraits of the Generation of the 50s<\/p>\n<p>Solo exhibition MYTHS OF HORROR FILM 36th Fantasy and Horror Film Week 2025<\/p>\n<p>Solo exhibition \u2018Dreams of Illustration and Other Paintings\u2019 at El Silo de Hortaleza in Madrid<\/p>\n<p>Solo exhibition Segovia \u2018The Abduction of Water\u2019 by Espido Freire Casa Casa de la lectura de Segovia<\/p>\n<p>2024<\/p>\n<p>Solo exhibition Tondos, Jorge Alcolea Nonel Gallery, Barcelona.<\/p>\n<p>2023<\/p>\n<p>Solo exhibition Tondos, Jorge Alcolea Gallery, Madrid.<\/p>\n<p>2022<\/p>\n<p>Myths of Horror Cinema, Avil\u00e9s Municipal Art and Exhibition Centre.<\/p>\n<p>2021<\/p>\n<p>Gentleman. Fashion drawings, La Recova, Madrid.<\/p>\n<p>Imagined Women, A cuadros Gallery, Madrid.<\/p>\n<p>Poppies in April, Amapolas en Octubre Bookshop, Madrid.<\/p>\n<p>Originals \u2018Poppies in October\u2019 Laura Ri\u00f1on Sirera Amapolas en Octubre Bookshop, Madrid.<\/p>\n<p>2020<\/p>\n<p>The Last Romantic, Amapolas en Octubre Bookshop, Madrid.<\/p>\n<p>2019<\/p>\n<p>Retablo, Tipos Infames Bookshop, Madrid.<\/p>\n<p>Illustrated Adventures, CAM Pavilion at the Madrid Book Fair.<\/p>\n<p>Retablo, Gil Bookshop, Santander.<\/p>\n<p>Spirits of New York, El arte del c\u00f3mic Gallery, Madrid.<\/p>\n<p>2018<\/p>\n<p>Solo exhibition Dracula, Avil\u00e9s Municipal Art and Exhibition Centre.<\/p>\n<p>2017 Individual exhibition Dracula, Navarra Comic Fair, Pamplona.<br \/>Individual exhibition Ten Days That Shook the World, Troa Zubieta Bookshop, San Sebasti\u00e1n.<br \/>Individual exhibition Ten Days That Shook the World, Cervantes y Compa\u00f1\u00eda Bookshop, Madrid.<br \/>Individual exhibition Illustrated Classics, El \u00c1guila Complex, Madrid.<br \/>Individual exhibition Illustrated Classics, El \u00c1guila Complex, Madrid.<\/p>\n<p>Individual exhibition Alice Through the Looking Glass, La Librairie Bookshop, Madrid.<br \/>Group exhibition Spirou in Madrid, Casa del Lector, Madrid.<br \/>2017 &#8211; 2018: Solo exhibition Alice Through the Looking Glass, various FNAC centres (Zaragoza, Barcelona, Donostia, Madrid, Seville, Malaga and Alicante).<\/p>\n<p>&nbsp;<\/p>\n\r\n\t\t<\/div>\r\n\t<\/div>\r\n<\/div><\/div><\/div><div class=\"expo-right wpb_column columns medium-6 thb-dark-column small-12\"><div class=\"vc_column-inner \"><div class=\"wpb_wrapper\">\r\n\t<div class=\"wpb_text_column wpb_content_element  \">\r\n\t\t<div class=\"wpb_wrapper\">\r\n\t\t\t<p>2016<br \/>Individual exhibition Venus, Background Gallery, Barcelona.<br \/>Individual exhibition Pulp Covers, El arte del c\u00f3mic Gallery, Madrid.<br \/>Individual exhibition La Guerra Civil contada a los j\u00f3venes (The Civil War Explained to Young People), Qu\u00ebntum Bookshop, C\u00e1diz.<br \/>Individual exhibition Dr\u00e1cula, Sala Bantierra, Zaragoza.<br \/>Individual exhibition Dr\u00e1cula, Teruel School of Art.<br \/>Individual exhibition Wuthering Heights, Panta Rhei Bookshop, Madrid.<br \/>Individual exhibition Alice Through the Looking Glass, Tipos Infames Bookshop, Madrid.<br \/>Individual exhibition 15 Days with&#8230; Fernando Vicente &#8211; Venus, A Cuadros Gallery, Madrid<br \/>2015<br \/>Individual exhibitions Illustrated Literature and Treasure Island, Retiro Public Library, Madrid.<br \/>Individual exhibition, Villa de Avil\u00e9s International Comic Conference.<br \/>Individual exhibition Universos, ABC Museum, Madrid.<br \/>Individual exhibition La Guerra Civil contada a los j\u00f3venes, ABC Museum, Madrid.<br \/>Individual exhibition El eterno femenino, La Fiambrera Gallery, Madrid.<br \/>Individual exhibition Dracula, Exhibition Hall of the Provincial Council of Castell\u00f3n.<br \/>Individual exhibition Dracula, Madrid Book Fair.<br \/>Group exhibition Happy NOT Birthday. 150 Years in Wonderland, ABC Museum, Madrid.<br \/>Group exhibition El viaje (The Journey), La Fiambrera Gallery, Madrid.<br \/>2014<br \/>Group exhibition 10 a\u00f1os de c\u00f3mics. El cat\u00e1logo de Dibukks a trav\u00e9s de sus autores (10 Years of Comics. The Dibukks Catalogue through its Authors), Fnac Callao Madrid.<br \/>.<br \/>2013<br \/>Individual exhibition Las Superhero\u00ednas de Elektra (Elektra&#8217;s Superheroines), Glass Pavilion, Casa de Campo Exhibition Centre, Madrid.<br \/>Group exhibition La cocina del dibujo (The Kitchen of Drawing), Pelayo47 Gallery, Madrid.<br \/>Group exhibition El Papel de la Movida (The Role of the Movida), ABC Museum, Madrid.<br \/>2012<br \/>Individual exhibition El manifiesto comunista (The Communist Manifesto), Panta Rhei Bookshop, Madrid.<br \/>Group exhibition Objectify this: Female anatomy dissected and displayed, Design Cloud Gallery, Chicago.<br \/>Group exhibition Dracula, un monstruo sin reflejo (Dracula, a monster without a reflection). One hundred years without Bram Stoker, Luis Seoane Foundation, A Coru\u00f1a.<br \/>Group exhibition Dracula, un monstruo sin reflejo (Dracula, a monster without a reflection). One hundred years without Bram Stoker, Casa del Lector, Matadero Madrid.<br \/>Group exhibition 18+12 Ilustradores interpretan la Constituci\u00f3n (18+12 Illustrators interpret the Constitution), ABC Museum, Madrid.<\/p>\n\r\n\t\t<\/div>\r\n\t<\/div>\r\n<div class=\"vc_empty_space\"   style=\"height: 12px\"><span class=\"vc_empty_space_inner\"><\/span><\/div><\/div><\/div><\/div><\/div><div data-midnight=\"dark-title\" class=\"row wpb_row row-fluid\"><div class=\"expo-left wpb_column columns medium-6 thb-dark-column small-12\"><div class=\"vc_column-inner \"><div class=\"wpb_wrapper\">\r\n\t<div class=\"wpb_text_column wpb_content_element  \">\r\n\t\t<div class=\"wpb_wrapper\">\r\n\t\t\t\r\n\t\t<\/div>\r\n\t<\/div>\r\n\r\n\t<div class=\"wpb_text_column wpb_content_element  \">\r\n\t\t<div class=\"wpb_wrapper\">\r\n\t\t\t<p>2011<br \/>Individual exhibition Venus, Gloria Bookshop and Art Space, Madrid.<br \/>Individual exhibition Universos, Casal Solleric, Palma de Mallorca.<br \/>2010<br \/>Group exhibition Opiniones. Prensa e ilustraci\u00f3n, Espacio Sinsentido, Madrid.<br \/>Group exhibition Dibujando El Transcant\u00e1brico, Delegation of the Principality of Asturias in Madrid.<br \/>2009<br \/>Individual exhibition Literatura Ilustrada, C\u00edrculo de Bellas Artes, Madrid.<br \/>Individual exhibition Literatura Ilustrada, Centro Cultural del Matadero, Huesca.<br \/>Group exhibition Papeles apropiados, Studio Banana, Madrid.<br \/>2008<br \/>Group exhibition Collage, Galer\u00eda Sen, Madrid.<br \/>2007<br \/>Individual exhibition Vanitas, Galer\u00eda Sen, Madrid.<br \/>Individual exhibition Literatura Ilustrada, Espacio Sins entido, Madrid.<br \/>Individual exhibition Literatura Ilustrada, Seville Provincial Council.<br \/>2005<br \/>Individual exhibition Las Pin-up de Fernando Vicente, Espacio Sins entido, Madrid.<br \/>Group exhibition Tipos Ilustrados, Espacio Cromotex.<\/p>\n\r\n\t\t<\/div>\r\n\t<\/div>\r\n<\/div><\/div><\/div><div class=\"expo-right wpb_column columns medium-6 thb-dark-column small-12\"><div class=\"vc_column-inner \"><div class=\"wpb_wrapper\">\r\n\t<div class=\"wpb_text_column wpb_content_element  \">\r\n\t\t<div class=\"wpb_wrapper\">\r\n\t\t\t<p>2004<br \/>Solo exhibition Atlas, Sen Gallery, Madrid.<br \/>Exhibition Aula de las met\u00e1foras (Classroom of Metaphors), Capilla de los Dolores. Grado.<br \/>Exhibition Atlas, Museo de los Angeles, Turegano Segovia<br \/>2000<br \/>Solo exhibition. Anatom\u00edas (Anatomies), Sen Gallery, Madrid.<br \/>Group exhibition Tr\u00e1nsito (Transit), Toledo.<br \/>Group exhibition Estampa 2000.<br \/>Albacete City Biennial.<br \/>2003<br \/>Solo exhibition Dibujos Babelia, ypunto, Madrid.<br \/>Group exhibition Su mejor amigo, Sen Gallery, Madrid.<br \/>Group exhibition La aristocracia del esp\u00edritu, Castelvi Gallery, Barcelona.<br \/>2001<br \/>ARCO 2001 Geographies, Sen Gallery, Madrid.<br \/>1998- 1984<br \/>Solo exhibition, Max Estrella Gallery, Madrid.<br \/>Exhibition book Bar adentro, Caf\u00e9 La Palma.<br \/>Exhibition Urban Recycling, Max Estrella Gallery, Madrid.<br \/>Exhibition Important Things for Essential Causes, Casa del Reloj Cultural Centre.<br \/>Exhibition Talleres de Pintura (Painting Workshops). C\u00edrculo de Bellas Artes, Madrid.<br \/>CBA &amp; Soul. C\u00edrculo de Bellas Artes, Madrid.<br \/>Musuri Gallery, Madrid.<br \/>Pintango, Galileo Cultural Centre (Madrid) and later in Granada.<br \/>El Cielo de Madrid (The Sky of Madrid), Community of Madrid Pavilion at Expo 92 in Seville.<br \/>Penagos Awards Selection, Mapfre Cultural Centre.<br \/>Puerta de Toledo Centre.<br \/>Vases, Sen Gallery.<br \/>Imagfic.<br \/>Alcoy Town Hall.<br \/>Rockola. Nicol\u00e1s Salmer\u00f3n Cultural Centre.<br \/>ARCO 85. Madrid Town Hall.<br \/>The Cities, Moriarty Gallery.<br \/>Le\u00f3n Comic Festival.<\/p>\n\r\n\t\t<\/div>\r\n\t<\/div>\r\n<\/div><\/div><\/div><\/div>\n","protected":false},"excerpt":{"rendered":"Exhibitions 2026 Exhibition of original works by Fernando Vicente at La Embajada de los Tebeos from 9 April to 27 June 2026 2025 Mural Generation&hellip;","protected":false},"author":2,"featured_media":13595,"parent":0,"menu_order":0,"comment_status":"closed","ping_status":"closed","template":"","meta":{"footnotes":""},"class_list":["post-2208","page","type-page","status-publish","has-post-thumbnail","hentry"],"yoast_head":"<!-- This site is optimized with the Yoast SEO plugin v26.9 - https:\/\/yoast.com\/product\/yoast-seo-wordpress\/ -->\n<title>Enjoy the most interesting exhibitions<\/title>\n<meta name=\"description\" content=\"Exhibitions by Fernando Vicente reveal all the stages in the Spanish artist&#039;s career. From his first exhibition in 1984 to the present day.\" \/>\n<meta name=\"robots\" content=\"index, follow, max-snippet:-1, max-image-preview:large, max-video-preview:-1\" \/>\n<link rel=\"canonical\" href=\"https:\/\/www.fernandovicente.es\/en\/exhibitions\/\" \/>\n<meta property=\"og:locale\" content=\"en_US\" \/>\n<meta property=\"og:type\" content=\"article\" \/>\n<meta property=\"og:title\" content=\"Enjoy the most interesting exhibitions\" \/>\n<meta property=\"og:description\" content=\"Exhibitions by Fernando Vicente reveal all the stages in the Spanish artist&#039;s career. From his first exhibition in 1984 to the present day.\" \/>\n<meta property=\"og:url\" content=\"https:\/\/www.fernandovicente.es\/en\/exhibitions\/\" \/>\n<meta property=\"og:site_name\" content=\"Fernando Vicente\" \/>\n<meta property=\"article:publisher\" content=\"https:\/\/www.facebook.com\/FernandoVicenteIllustrator\/\" \/>\n<meta property=\"article:modified_time\" content=\"2026-03-01T11:38:32+00:00\" \/>\n<meta property=\"og:image\" content=\"https:\/\/www.fernandovicente.es\/wp-content\/uploads\/2023\/10\/Inauguracion-Exposicion-Tondos-Fernando-Vicente-Jorge-Alcolea-.jpg\" \/>\n\t<meta property=\"og:image:width\" content=\"1200\" \/>\n\t<meta property=\"og:image:height\" content=\"749\" \/>\n\t<meta property=\"og:image:type\" content=\"image\/jpeg\" \/>\n<meta name=\"twitter:card\" content=\"summary_large_image\" \/>\n<meta name=\"twitter:site\" content=\"@fvicente_illust\" \/>\n<meta name=\"twitter:label1\" content=\"Est. reading time\" \/>\n\t<meta name=\"twitter:data1\" content=\"5 minutes\" \/>\n<script type=\"application\/ld+json\" class=\"yoast-schema-graph\">{\"@context\":\"https:\/\/schema.org\",\"@graph\":[{\"@type\":\"WebPage\",\"@id\":\"https:\/\/www.fernandovicente.es\/en\/exhibitions\/\",\"url\":\"https:\/\/www.fernandovicente.es\/en\/exhibitions\/\",\"name\":\"Enjoy the most interesting exhibitions\",\"isPartOf\":{\"@id\":\"https:\/\/www.fernandovicente.es\/en\/#website\"},\"primaryImageOfPage\":{\"@id\":\"https:\/\/www.fernandovicente.es\/en\/exhibitions\/#primaryimage\"},\"image\":{\"@id\":\"https:\/\/www.fernandovicente.es\/en\/exhibitions\/#primaryimage\"},\"thumbnailUrl\":\"https:\/\/www.fernandovicente.es\/wp-content\/uploads\/2023\/10\/Inauguracion-Exposicion-Tondos-Fernando-Vicente-Jorge-Alcolea-.jpg\",\"datePublished\":\"2014-11-05T17:32:25+00:00\",\"dateModified\":\"2026-03-01T11:38:32+00:00\",\"description\":\"Exhibitions by Fernando Vicente reveal all the stages in the Spanish artist's career. From his first exhibition in 1984 to the present day.\",\"breadcrumb\":{\"@id\":\"https:\/\/www.fernandovicente.es\/en\/exhibitions\/#breadcrumb\"},\"inLanguage\":\"en-US\",\"potentialAction\":[{\"@type\":\"ReadAction\",\"target\":[\"https:\/\/www.fernandovicente.es\/en\/exhibitions\/\"]}]},{\"@type\":\"ImageObject\",\"inLanguage\":\"en-US\",\"@id\":\"https:\/\/www.fernandovicente.es\/en\/exhibitions\/#primaryimage\",\"url\":\"https:\/\/www.fernandovicente.es\/wp-content\/uploads\/2023\/10\/Inauguracion-Exposicion-Tondos-Fernando-Vicente-Jorge-Alcolea-.jpg\",\"contentUrl\":\"https:\/\/www.fernandovicente.es\/wp-content\/uploads\/2023\/10\/Inauguracion-Exposicion-Tondos-Fernando-Vicente-Jorge-Alcolea-.jpg\",\"width\":1200,\"height\":749,\"caption\":\"Opening of the Tondos Exhibition. New collection of oil paintings on wood panels Jorge Alcolea Gallery (Madrid) from October 10 to November 5\"},{\"@type\":\"BreadcrumbList\",\"@id\":\"https:\/\/www.fernandovicente.es\/en\/exhibitions\/#breadcrumb\",\"itemListElement\":[{\"@type\":\"ListItem\",\"position\":1,\"name\":\"Portada\",\"item\":\"https:\/\/www.fernandovicente.es\/en\/\"},{\"@type\":\"ListItem\",\"position\":2,\"name\":\"Exhibitions\"}]},{\"@type\":\"WebSite\",\"@id\":\"https:\/\/www.fernandovicente.es\/en\/#website\",\"url\":\"https:\/\/www.fernandovicente.es\/en\/\",\"name\":\"Fernando Vicente\",\"description\":\"Ilustraci\u00f3n\",\"publisher\":{\"@id\":\"https:\/\/www.fernandovicente.es\/en\/#\/schema\/person\/d49677cb48f2ea656b28261dd8f75d7f\"},\"potentialAction\":[{\"@type\":\"SearchAction\",\"target\":{\"@type\":\"EntryPoint\",\"urlTemplate\":\"https:\/\/www.fernandovicente.es\/en\/?s={search_term_string}\"},\"query-input\":{\"@type\":\"PropertyValueSpecification\",\"valueRequired\":true,\"valueName\":\"search_term_string\"}}],\"inLanguage\":\"en-US\"},{\"@type\":[\"Person\",\"Organization\"],\"@id\":\"https:\/\/www.fernandovicente.es\/en\/#\/schema\/person\/d49677cb48f2ea656b28261dd8f75d7f\",\"name\":\"Fernando Vicente\",\"image\":{\"@type\":\"ImageObject\",\"inLanguage\":\"en-US\",\"@id\":\"https:\/\/www.fernandovicente.es\/en\/#\/schema\/person\/image\/\",\"url\":\"https:\/\/www.fernandovicente.es\/wp-content\/uploads\/2014\/11\/fernando-vicente-Foto-e1419619123418.jpg\",\"contentUrl\":\"https:\/\/www.fernandovicente.es\/wp-content\/uploads\/2014\/11\/fernando-vicente-Foto-e1419619123418.jpg\",\"width\":300,\"height\":300,\"caption\":\"Fernando Vicente\"},\"logo\":{\"@id\":\"https:\/\/www.fernandovicente.es\/en\/#\/schema\/person\/image\/\"},\"description\":\"Fernando Vicente - Painter &amp; illustrator\",\"sameAs\":[\"http:\/\/www.fernandovicente.es\",\"https:\/\/www.facebook.com\/FernandoVicenteIllustrator\/\",\"https:\/\/www.instagram.com\/fvicente_illust\/\",\"https:\/\/www.linkedin.com\/in\/fernando-vicente-97595012\",\"https:\/\/www.pinterest.es\/FVicente_illust\/\",\"https:\/\/x.com\/https:\/\/twitter.com\/fvicente_illust\"]}]}<\/script>\n<!-- \/ Yoast SEO plugin. -->","yoast_head_json":{"title":"Enjoy the most interesting exhibitions","description":"Exhibitions by Fernando Vicente reveal all the stages in the Spanish artist's career. From his first exhibition in 1984 to the present day.","robots":{"index":"index","follow":"follow","max-snippet":"max-snippet:-1","max-image-preview":"max-image-preview:large","max-video-preview":"max-video-preview:-1"},"canonical":"https:\/\/www.fernandovicente.es\/en\/exhibitions\/","og_locale":"en_US","og_type":"article","og_title":"Enjoy the most interesting exhibitions","og_description":"Exhibitions by Fernando Vicente reveal all the stages in the Spanish artist's career. From his first exhibition in 1984 to the present day.","og_url":"https:\/\/www.fernandovicente.es\/en\/exhibitions\/","og_site_name":"Fernando Vicente","article_publisher":"https:\/\/www.facebook.com\/FernandoVicenteIllustrator\/","article_modified_time":"2026-03-01T11:38:32+00:00","og_image":[{"width":1200,"height":749,"url":"https:\/\/www.fernandovicente.es\/wp-content\/uploads\/2023\/10\/Inauguracion-Exposicion-Tondos-Fernando-Vicente-Jorge-Alcolea-.jpg","type":"image\/jpeg"}],"twitter_card":"summary_large_image","twitter_site":"@fvicente_illust","twitter_misc":{"Est. reading time":"5 minutes"},"schema":{"@context":"https:\/\/schema.org","@graph":[{"@type":"WebPage","@id":"https:\/\/www.fernandovicente.es\/en\/exhibitions\/","url":"https:\/\/www.fernandovicente.es\/en\/exhibitions\/","name":"Enjoy the most interesting exhibitions","isPartOf":{"@id":"https:\/\/www.fernandovicente.es\/en\/#website"},"primaryImageOfPage":{"@id":"https:\/\/www.fernandovicente.es\/en\/exhibitions\/#primaryimage"},"image":{"@id":"https:\/\/www.fernandovicente.es\/en\/exhibitions\/#primaryimage"},"thumbnailUrl":"https:\/\/www.fernandovicente.es\/wp-content\/uploads\/2023\/10\/Inauguracion-Exposicion-Tondos-Fernando-Vicente-Jorge-Alcolea-.jpg","datePublished":"2014-11-05T17:32:25+00:00","dateModified":"2026-03-01T11:38:32+00:00","description":"Exhibitions by Fernando Vicente reveal all the stages in the Spanish artist's career. From his first exhibition in 1984 to the present day.","breadcrumb":{"@id":"https:\/\/www.fernandovicente.es\/en\/exhibitions\/#breadcrumb"},"inLanguage":"en-US","potentialAction":[{"@type":"ReadAction","target":["https:\/\/www.fernandovicente.es\/en\/exhibitions\/"]}]},{"@type":"ImageObject","inLanguage":"en-US","@id":"https:\/\/www.fernandovicente.es\/en\/exhibitions\/#primaryimage","url":"https:\/\/www.fernandovicente.es\/wp-content\/uploads\/2023\/10\/Inauguracion-Exposicion-Tondos-Fernando-Vicente-Jorge-Alcolea-.jpg","contentUrl":"https:\/\/www.fernandovicente.es\/wp-content\/uploads\/2023\/10\/Inauguracion-Exposicion-Tondos-Fernando-Vicente-Jorge-Alcolea-.jpg","width":1200,"height":749,"caption":"Opening of the Tondos Exhibition. New collection of oil paintings on wood panels Jorge Alcolea Gallery (Madrid) from October 10 to November 5"},{"@type":"BreadcrumbList","@id":"https:\/\/www.fernandovicente.es\/en\/exhibitions\/#breadcrumb","itemListElement":[{"@type":"ListItem","position":1,"name":"Portada","item":"https:\/\/www.fernandovicente.es\/en\/"},{"@type":"ListItem","position":2,"name":"Exhibitions"}]},{"@type":"WebSite","@id":"https:\/\/www.fernandovicente.es\/en\/#website","url":"https:\/\/www.fernandovicente.es\/en\/","name":"Fernando Vicente","description":"Ilustraci\u00f3n","publisher":{"@id":"https:\/\/www.fernandovicente.es\/en\/#\/schema\/person\/d49677cb48f2ea656b28261dd8f75d7f"},"potentialAction":[{"@type":"SearchAction","target":{"@type":"EntryPoint","urlTemplate":"https:\/\/www.fernandovicente.es\/en\/?s={search_term_string}"},"query-input":{"@type":"PropertyValueSpecification","valueRequired":true,"valueName":"search_term_string"}}],"inLanguage":"en-US"},{"@type":["Person","Organization"],"@id":"https:\/\/www.fernandovicente.es\/en\/#\/schema\/person\/d49677cb48f2ea656b28261dd8f75d7f","name":"Fernando Vicente","image":{"@type":"ImageObject","inLanguage":"en-US","@id":"https:\/\/www.fernandovicente.es\/en\/#\/schema\/person\/image\/","url":"https:\/\/www.fernandovicente.es\/wp-content\/uploads\/2014\/11\/fernando-vicente-Foto-e1419619123418.jpg","contentUrl":"https:\/\/www.fernandovicente.es\/wp-content\/uploads\/2014\/11\/fernando-vicente-Foto-e1419619123418.jpg","width":300,"height":300,"caption":"Fernando Vicente"},"logo":{"@id":"https:\/\/www.fernandovicente.es\/en\/#\/schema\/person\/image\/"},"description":"Fernando Vicente - Painter &amp; illustrator","sameAs":["http:\/\/www.fernandovicente.es","https:\/\/www.facebook.com\/FernandoVicenteIllustrator\/","https:\/\/www.instagram.com\/fvicente_illust\/","https:\/\/www.linkedin.com\/in\/fernando-vicente-97595012","https:\/\/www.pinterest.es\/FVicente_illust\/","https:\/\/x.com\/https:\/\/twitter.com\/fvicente_illust"]}]}},"_links":{"self":[{"href":"https:\/\/www.fernandovicente.es\/en\/wp-json\/wp\/v2\/pages\/2208","targetHints":{"allow":["GET"]}}],"collection":[{"href":"https:\/\/www.fernandovicente.es\/en\/wp-json\/wp\/v2\/pages"}],"about":[{"href":"https:\/\/www.fernandovicente.es\/en\/wp-json\/wp\/v2\/types\/page"}],"author":[{"embeddable":true,"href":"https:\/\/www.fernandovicente.es\/en\/wp-json\/wp\/v2\/users\/2"}],"replies":[{"embeddable":true,"href":"https:\/\/www.fernandovicente.es\/en\/wp-json\/wp\/v2\/comments?post=2208"}],"version-history":[{"count":4,"href":"https:\/\/www.fernandovicente.es\/en\/wp-json\/wp\/v2\/pages\/2208\/revisions"}],"predecessor-version":[{"id":17789,"href":"https:\/\/www.fernandovicente.es\/en\/wp-json\/wp\/v2\/pages\/2208\/revisions\/17789"}],"wp:featuredmedia":[{"embeddable":true,"href":"https:\/\/www.fernandovicente.es\/en\/wp-json\/wp\/v2\/media\/13595"}],"wp:attachment":[{"href":"https:\/\/www.fernandovicente.es\/en\/wp-json\/wp\/v2\/media?parent=2208"}],"curies":[{"name":"wp","href":"https:\/\/api.w.org\/{rel}","templated":true}]}}