{"id":14666,"date":"2023-03-16T19:34:09","date_gmt":"2023-03-16T17:34:09","guid":{"rendered":"https:\/\/www.fernandovicente.es\/?post_type=product&#038;p=14666"},"modified":"2026-03-13T13:40:14","modified_gmt":"2026-03-13T11:40:14","slug":"mapa-del-barrio-de-las-letras","status":"publish","type":"product","link":"https:\/\/www.fernandovicente.es\/en\/shop-online-prints-books-original-cards-postcards-calendars-fernando-vicente\/mapa-del-barrio-de-las-letras\/","title":{"rendered":"Mapa del Barrio de las Letras"},"content":{"rendered":"<h1>Mapa del Barrio de las Letras de Madrid ilustrado por <a href=\"https:\/\/www.instagram.com\/fvicente_illust\/?hl=es\">Fernando Vicente<\/a>.<\/h1>\n<p><a href=\"https:\/\/www.fernandovicente.es\/en\/mapa-ilustrado-en\/barrio-de-las-letras\/\">Mapa del Barrio de las Letras con los lugares emblem\u00e1ticos del Barrio madrile\u00f1o<\/a>.<\/p>\n<p>En el Barrio de las Letras vivieron Cervantes, Lope de Vega, G\u00f3ngora y Quevedo. Doscientos a\u00f1os despu\u00e9s, Morat\u00edn fue otro de sus vecinos ilustres. En la Iglesia de San Sebasti\u00e1n se casaron B\u00e9cquer y Larra. El Ateneo, punto de encuentro de escritores e intelectuales, no pod\u00eda abrir sus puertas en otro sitio. Uno de sus directores m\u00e1s pol\u00e9micos fue Valle-Incl\u00e1n, que enunci\u00f3 su teor\u00eda del esperpento tomando como referencia los espejos deformantes del callej\u00f3n del Gato. Benavente naci\u00f3 en la calle del Le\u00f3n y Elena Fort\u00fan en la calle de las Huertas, que tiene grabadas en el suelo citas de numerosos autores espa\u00f1oles.<\/p>\n<figure id=\"attachment_14654\" aria-describedby=\"caption-attachment-14654\" style=\"width: 1200px\" class=\"wp-caption alignnone\"><img loading=\"lazy\" decoding=\"async\" class=\"size-full wp-image-14654\" src=\"https:\/\/www.fernandovicente.es\/wp-content\/uploads\/2024\/04\/BARRIO-DE-LAS-LETRAS-ok-Fernando-Vicente.jpg\" alt=\"Mapa del BARRIO DE LAS LETRAS Fernando Vicente\" width=\"1200\" height=\"794\" srcset=\"https:\/\/www.fernandovicente.es\/wp-content\/uploads\/2024\/04\/BARRIO-DE-LAS-LETRAS-ok-Fernando-Vicente.jpg 1200w, https:\/\/www.fernandovicente.es\/wp-content\/uploads\/2024\/04\/BARRIO-DE-LAS-LETRAS-ok-Fernando-Vicente-300x199.jpg 300w, https:\/\/www.fernandovicente.es\/wp-content\/uploads\/2024\/04\/BARRIO-DE-LAS-LETRAS-ok-Fernando-Vicente-1024x678.jpg 1024w, https:\/\/www.fernandovicente.es\/wp-content\/uploads\/2024\/04\/BARRIO-DE-LAS-LETRAS-ok-Fernando-Vicente-768x508.jpg 768w, https:\/\/www.fernandovicente.es\/wp-content\/uploads\/2024\/04\/BARRIO-DE-LAS-LETRAS-ok-Fernando-Vicente-430x285.jpg 430w, https:\/\/www.fernandovicente.es\/wp-content\/uploads\/2024\/04\/BARRIO-DE-LAS-LETRAS-ok-Fernando-Vicente-860x569.jpg 860w, https:\/\/www.fernandovicente.es\/wp-content\/uploads\/2024\/04\/BARRIO-DE-LAS-LETRAS-ok-Fernando-Vicente-600x397.jpg 600w\" sizes=\"auto, (max-width: 1200px) 100vw, 1200px\" \/><figcaption id=\"caption-attachment-14654\" class=\"wp-caption-text\">BARRIO DE LAS LETRAS\u00a0 Fernando Vicente<\/figcaption><\/figure>\n<p>El Barrio de Las Letras se sit\u00faa en pleno centro de la ciudad, justo en medio de otras dos zonas de alto inter\u00e9s tur\u00edstico como son las de\u00a0<a href=\"https:\/\/www.esmadrid.com\/barrios-de-madrid\/sol-granvia\"><strong>Sol-Gran V\u00eda<\/strong><\/a>\u00a0y el\u00a0<a href=\"https:\/\/www.esmadrid.com\/barrios-de-madrid\/paseo-arte\"><strong>Paseo del Arte<\/strong><\/a>. Se encuentra flanqueado por la calle de la Cruz, la Carrera de San Jer\u00f3nimo, el paseo del Prado y la calle Atocha. Una zona que adem\u00e1s destaca porque el Paseo del Prado y el Buen Retiro, paisaje de las artes y las ciencias, conocido tambi\u00e9n como <a href=\"https:\/\/www.esmadrid.com\/paisaje-de-la-luz-madrid-lista-patrimonio-mundial-unesco\"><strong>Paisaje de la Luz<\/strong><\/a>, ha sido\u00a0declarado Patrimonio Mundial de la UNESCO<\/p>\n","protected":false},"excerpt":{"rendered":"<p>Mapa del Barrio de las Letras de Madrid ilustrado por Fernando Vicente. Mapa del Barrio de las Letras con los lugares emblem\u00e1ticos del Barrio madrile\u00f1o.&hellip;<\/p>\n","protected":false},"featured_media":14655,"template":"","meta":[],"product_cat":[1292,4045,456,1807,1943],"product_tag":[3151,1944,3782,3153,1945,469,1946,1947],"class_list":{"0":"post-14666","1":"product","2":"type-product","3":"status-publish","4":"has-post-thumbnail","6":"product_cat-big-prints-giglee-en","7":"product_cat-maps-and-places-of-madrid-en","8":"product_cat-prints-en","9":"product_cat-prints-giclee-30x40-en","10":"product_cat-small-prints-giclee-en","11":"product_tag-barrio-de-las-letras-en","12":"product_tag-jardines-del-buen-retiro-en","13":"product_tag-mapa-en","14":"product_tag-mapa-cultural-en","15":"product_tag-mapa-del-retiro-en","16":"product_tag-mapas-en","17":"product_tag-parque-del-retiro-en","18":"product_tag-retiro-en","19":"product_shipping_class-libros-impresiones-barajas-postales-originales-en","20":"pa_color-mapa-del-barrio-de-las-letras-en","21":"pa_tamano-245x33","22":"pa_tamano-30-x-40-cm","23":"pa_tamano-42-x-594-cm","25":"first","26":"instock","27":"shipping-taxable","28":"purchasable","29":"product-type-variable","30":"has-default-attributes","31":"wvs-archive-product-wrapper"},"yoast_head":"<!-- This site is optimized with the Yoast SEO plugin v26.9 - https:\/\/yoast.com\/product\/yoast-seo-wordpress\/ -->\n<title>Mapa del Barrio de las Letras - Fernando Vicente ilustrado<\/title>\n<meta name=\"description\" content=\"Mapa del Barrio de las Letras de Madrid con los lugares emblem\u00e1ticos del Barrio madrile\u00f1o ilustrado con todo detalle por Fernando Vicente\" \/>\n<meta name=\"robots\" content=\"index, follow, max-snippet:-1, max-image-preview:large, max-video-preview:-1\" \/>\n<link rel=\"canonical\" href=\"https:\/\/www.fernandovicente.es\/en\/shop-online-prints-books-original-cards-postcards-calendars-fernando-vicente\/mapa-del-barrio-de-las-letras\/\" \/>\n<meta property=\"og:locale\" content=\"en_US\" \/>\n<meta property=\"og:type\" content=\"article\" \/>\n<meta property=\"og:title\" content=\"Mapa del Barrio de las Letras - Fernando Vicente ilustrado\" \/>\n<meta property=\"og:description\" content=\"Mapa del Barrio de las Letras de Madrid con los lugares emblem\u00e1ticos del Barrio madrile\u00f1o ilustrado con todo detalle por Fernando Vicente\" \/>\n<meta property=\"og:url\" content=\"https:\/\/www.fernandovicente.es\/en\/shop-online-prints-books-original-cards-postcards-calendars-fernando-vicente\/mapa-del-barrio-de-las-letras\/\" \/>\n<meta property=\"og:site_name\" content=\"Fernando Vicente\" \/>\n<meta property=\"article:publisher\" content=\"https:\/\/www.facebook.com\/FernandoVicenteIllustrator\/\" \/>\n<meta property=\"article:modified_time\" content=\"2026-03-13T11:40:14+00:00\" \/>\n<meta property=\"og:image\" content=\"https:\/\/www.fernandovicente.es\/wp-content\/uploads\/2024\/04\/BARRIO-DE-LAS-LETRAS-ok-Fernando-Vicente.jpg\" \/>\n\t<meta property=\"og:image:width\" content=\"1200\" \/>\n\t<meta property=\"og:image:height\" content=\"794\" \/>\n\t<meta property=\"og:image:type\" content=\"image\/jpeg\" \/>\n<meta name=\"twitter:card\" content=\"summary_large_image\" \/>\n<meta name=\"twitter:site\" content=\"@fvicente_illust\" \/>\n<meta name=\"twitter:label1\" content=\"Est. reading time\" \/>\n\t<meta name=\"twitter:data1\" content=\"1 minute\" \/>\n<script type=\"application\/ld+json\" class=\"yoast-schema-graph\">{\"@context\":\"https:\/\/schema.org\",\"@graph\":[{\"@type\":\"WebPage\",\"@id\":\"https:\/\/www.fernandovicente.es\/en\/shop-online-prints-books-original-cards-postcards-calendars-fernando-vicente\/mapa-del-barrio-de-las-letras\/\",\"url\":\"https:\/\/www.fernandovicente.es\/en\/shop-online-prints-books-original-cards-postcards-calendars-fernando-vicente\/mapa-del-barrio-de-las-letras\/\",\"name\":\"Mapa del Barrio de las Letras - Fernando Vicente ilustrado\",\"isPartOf\":{\"@id\":\"https:\/\/www.fernandovicente.es\/en\/#website\"},\"primaryImageOfPage\":{\"@id\":\"https:\/\/www.fernandovicente.es\/en\/shop-online-prints-books-original-cards-postcards-calendars-fernando-vicente\/mapa-del-barrio-de-las-letras\/#primaryimage\"},\"image\":{\"@id\":\"https:\/\/www.fernandovicente.es\/en\/shop-online-prints-books-original-cards-postcards-calendars-fernando-vicente\/mapa-del-barrio-de-las-letras\/#primaryimage\"},\"thumbnailUrl\":\"https:\/\/www.fernandovicente.es\/wp-content\/uploads\/2024\/04\/BARRIO-DE-LAS-LETRAS-ok-Fernando-Vicente.jpg\",\"datePublished\":\"2023-03-16T17:34:09+00:00\",\"dateModified\":\"2026-03-13T11:40:14+00:00\",\"description\":\"Mapa del Barrio de las Letras de Madrid con los lugares emblem\u00e1ticos del Barrio madrile\u00f1o ilustrado con todo detalle por Fernando Vicente\",\"breadcrumb\":{\"@id\":\"https:\/\/www.fernandovicente.es\/en\/shop-online-prints-books-original-cards-postcards-calendars-fernando-vicente\/mapa-del-barrio-de-las-letras\/#breadcrumb\"},\"inLanguage\":\"en-US\",\"potentialAction\":[{\"@type\":\"ReadAction\",\"target\":[\"https:\/\/www.fernandovicente.es\/en\/shop-online-prints-books-original-cards-postcards-calendars-fernando-vicente\/mapa-del-barrio-de-las-letras\/\"]}]},{\"@type\":\"ImageObject\",\"inLanguage\":\"en-US\",\"@id\":\"https:\/\/www.fernandovicente.es\/en\/shop-online-prints-books-original-cards-postcards-calendars-fernando-vicente\/mapa-del-barrio-de-las-letras\/#primaryimage\",\"url\":\"https:\/\/www.fernandovicente.es\/wp-content\/uploads\/2024\/04\/BARRIO-DE-LAS-LETRAS-ok-Fernando-Vicente.jpg\",\"contentUrl\":\"https:\/\/www.fernandovicente.es\/wp-content\/uploads\/2024\/04\/BARRIO-DE-LAS-LETRAS-ok-Fernando-Vicente.jpg\",\"width\":1200,\"height\":794,\"caption\":\"BARRIO DE LAS LETRAS ok Fernando Vicente\"},{\"@type\":\"BreadcrumbList\",\"@id\":\"https:\/\/www.fernandovicente.es\/en\/shop-online-prints-books-original-cards-postcards-calendars-fernando-vicente\/mapa-del-barrio-de-las-letras\/#breadcrumb\",\"itemListElement\":[{\"@type\":\"ListItem\",\"position\":1,\"name\":\"Portada\",\"item\":\"https:\/\/www.fernandovicente.es\/en\/\"},{\"@type\":\"ListItem\",\"position\":2,\"name\":\"Shop Online\",\"item\":\"https:\/\/www.fernandovicente.es\/en\/shop-online-prints-books-original-cards-postcards-calendars-fernando-vicente\/\"},{\"@type\":\"ListItem\",\"position\":3,\"name\":\"Mapa del Barrio de las Letras\"}]},{\"@type\":\"WebSite\",\"@id\":\"https:\/\/www.fernandovicente.es\/en\/#website\",\"url\":\"https:\/\/www.fernandovicente.es\/en\/\",\"name\":\"Fernando Vicente\",\"description\":\"Ilustraci\u00f3n\",\"publisher\":{\"@id\":\"https:\/\/www.fernandovicente.es\/en\/#\/schema\/person\/d49677cb48f2ea656b28261dd8f75d7f\"},\"potentialAction\":[{\"@type\":\"SearchAction\",\"target\":{\"@type\":\"EntryPoint\",\"urlTemplate\":\"https:\/\/www.fernandovicente.es\/en\/?s={search_term_string}\"},\"query-input\":{\"@type\":\"PropertyValueSpecification\",\"valueRequired\":true,\"valueName\":\"search_term_string\"}}],\"inLanguage\":\"en-US\"},{\"@type\":[\"Person\",\"Organization\"],\"@id\":\"https:\/\/www.fernandovicente.es\/en\/#\/schema\/person\/d49677cb48f2ea656b28261dd8f75d7f\",\"name\":\"Fernando Vicente\",\"image\":{\"@type\":\"ImageObject\",\"inLanguage\":\"en-US\",\"@id\":\"https:\/\/www.fernandovicente.es\/en\/#\/schema\/person\/image\/\",\"url\":\"https:\/\/www.fernandovicente.es\/wp-content\/uploads\/2014\/11\/fernando-vicente-Foto-e1419619123418.jpg\",\"contentUrl\":\"https:\/\/www.fernandovicente.es\/wp-content\/uploads\/2014\/11\/fernando-vicente-Foto-e1419619123418.jpg\",\"width\":300,\"height\":300,\"caption\":\"Fernando Vicente\"},\"logo\":{\"@id\":\"https:\/\/www.fernandovicente.es\/en\/#\/schema\/person\/image\/\"},\"description\":\"Fernando Vicente - Painter &amp; illustrator\",\"sameAs\":[\"http:\/\/www.fernandovicente.es\",\"https:\/\/www.facebook.com\/FernandoVicenteIllustrator\/\",\"https:\/\/www.instagram.com\/fvicente_illust\/\",\"https:\/\/www.linkedin.com\/in\/fernando-vicente-97595012\",\"https:\/\/www.pinterest.es\/FVicente_illust\/\",\"https:\/\/x.com\/https:\/\/twitter.com\/fvicente_illust\"]}]}<\/script>\n<!-- \/ Yoast SEO plugin. -->","yoast_head_json":{"title":"Mapa del Barrio de las Letras - Fernando Vicente ilustrado","description":"Mapa del Barrio de las Letras de Madrid con los lugares emblem\u00e1ticos del Barrio madrile\u00f1o ilustrado con todo detalle por Fernando Vicente","robots":{"index":"index","follow":"follow","max-snippet":"max-snippet:-1","max-image-preview":"max-image-preview:large","max-video-preview":"max-video-preview:-1"},"canonical":"https:\/\/www.fernandovicente.es\/en\/shop-online-prints-books-original-cards-postcards-calendars-fernando-vicente\/mapa-del-barrio-de-las-letras\/","og_locale":"en_US","og_type":"article","og_title":"Mapa del Barrio de las Letras - Fernando Vicente ilustrado","og_description":"Mapa del Barrio de las Letras de Madrid con los lugares emblem\u00e1ticos del Barrio madrile\u00f1o ilustrado con todo detalle por Fernando Vicente","og_url":"https:\/\/www.fernandovicente.es\/en\/shop-online-prints-books-original-cards-postcards-calendars-fernando-vicente\/mapa-del-barrio-de-las-letras\/","og_site_name":"Fernando Vicente","article_publisher":"https:\/\/www.facebook.com\/FernandoVicenteIllustrator\/","article_modified_time":"2026-03-13T11:40:14+00:00","og_image":[{"width":1200,"height":794,"url":"https:\/\/www.fernandovicente.es\/wp-content\/uploads\/2024\/04\/BARRIO-DE-LAS-LETRAS-ok-Fernando-Vicente.jpg","type":"image\/jpeg"}],"twitter_card":"summary_large_image","twitter_site":"@fvicente_illust","twitter_misc":{"Est. reading time":"1 minute"},"schema":{"@context":"https:\/\/schema.org","@graph":[{"@type":"WebPage","@id":"https:\/\/www.fernandovicente.es\/en\/shop-online-prints-books-original-cards-postcards-calendars-fernando-vicente\/mapa-del-barrio-de-las-letras\/","url":"https:\/\/www.fernandovicente.es\/en\/shop-online-prints-books-original-cards-postcards-calendars-fernando-vicente\/mapa-del-barrio-de-las-letras\/","name":"Mapa del Barrio de las Letras - Fernando Vicente ilustrado","isPartOf":{"@id":"https:\/\/www.fernandovicente.es\/en\/#website"},"primaryImageOfPage":{"@id":"https:\/\/www.fernandovicente.es\/en\/shop-online-prints-books-original-cards-postcards-calendars-fernando-vicente\/mapa-del-barrio-de-las-letras\/#primaryimage"},"image":{"@id":"https:\/\/www.fernandovicente.es\/en\/shop-online-prints-books-original-cards-postcards-calendars-fernando-vicente\/mapa-del-barrio-de-las-letras\/#primaryimage"},"thumbnailUrl":"https:\/\/www.fernandovicente.es\/wp-content\/uploads\/2024\/04\/BARRIO-DE-LAS-LETRAS-ok-Fernando-Vicente.jpg","datePublished":"2023-03-16T17:34:09+00:00","dateModified":"2026-03-13T11:40:14+00:00","description":"Mapa del Barrio de las Letras de Madrid con los lugares emblem\u00e1ticos del Barrio madrile\u00f1o ilustrado con todo detalle por Fernando Vicente","breadcrumb":{"@id":"https:\/\/www.fernandovicente.es\/en\/shop-online-prints-books-original-cards-postcards-calendars-fernando-vicente\/mapa-del-barrio-de-las-letras\/#breadcrumb"},"inLanguage":"en-US","potentialAction":[{"@type":"ReadAction","target":["https:\/\/www.fernandovicente.es\/en\/shop-online-prints-books-original-cards-postcards-calendars-fernando-vicente\/mapa-del-barrio-de-las-letras\/"]}]},{"@type":"ImageObject","inLanguage":"en-US","@id":"https:\/\/www.fernandovicente.es\/en\/shop-online-prints-books-original-cards-postcards-calendars-fernando-vicente\/mapa-del-barrio-de-las-letras\/#primaryimage","url":"https:\/\/www.fernandovicente.es\/wp-content\/uploads\/2024\/04\/BARRIO-DE-LAS-LETRAS-ok-Fernando-Vicente.jpg","contentUrl":"https:\/\/www.fernandovicente.es\/wp-content\/uploads\/2024\/04\/BARRIO-DE-LAS-LETRAS-ok-Fernando-Vicente.jpg","width":1200,"height":794,"caption":"BARRIO DE LAS LETRAS ok Fernando Vicente"},{"@type":"BreadcrumbList","@id":"https:\/\/www.fernandovicente.es\/en\/shop-online-prints-books-original-cards-postcards-calendars-fernando-vicente\/mapa-del-barrio-de-las-letras\/#breadcrumb","itemListElement":[{"@type":"ListItem","position":1,"name":"Portada","item":"https:\/\/www.fernandovicente.es\/en\/"},{"@type":"ListItem","position":2,"name":"Shop Online","item":"https:\/\/www.fernandovicente.es\/en\/shop-online-prints-books-original-cards-postcards-calendars-fernando-vicente\/"},{"@type":"ListItem","position":3,"name":"Mapa del Barrio de las Letras"}]},{"@type":"WebSite","@id":"https:\/\/www.fernandovicente.es\/en\/#website","url":"https:\/\/www.fernandovicente.es\/en\/","name":"Fernando Vicente","description":"Ilustraci\u00f3n","publisher":{"@id":"https:\/\/www.fernandovicente.es\/en\/#\/schema\/person\/d49677cb48f2ea656b28261dd8f75d7f"},"potentialAction":[{"@type":"SearchAction","target":{"@type":"EntryPoint","urlTemplate":"https:\/\/www.fernandovicente.es\/en\/?s={search_term_string}"},"query-input":{"@type":"PropertyValueSpecification","valueRequired":true,"valueName":"search_term_string"}}],"inLanguage":"en-US"},{"@type":["Person","Organization"],"@id":"https:\/\/www.fernandovicente.es\/en\/#\/schema\/person\/d49677cb48f2ea656b28261dd8f75d7f","name":"Fernando Vicente","image":{"@type":"ImageObject","inLanguage":"en-US","@id":"https:\/\/www.fernandovicente.es\/en\/#\/schema\/person\/image\/","url":"https:\/\/www.fernandovicente.es\/wp-content\/uploads\/2014\/11\/fernando-vicente-Foto-e1419619123418.jpg","contentUrl":"https:\/\/www.fernandovicente.es\/wp-content\/uploads\/2014\/11\/fernando-vicente-Foto-e1419619123418.jpg","width":300,"height":300,"caption":"Fernando Vicente"},"logo":{"@id":"https:\/\/www.fernandovicente.es\/en\/#\/schema\/person\/image\/"},"description":"Fernando Vicente - Painter &amp; illustrator","sameAs":["http:\/\/www.fernandovicente.es","https:\/\/www.facebook.com\/FernandoVicenteIllustrator\/","https:\/\/www.instagram.com\/fvicente_illust\/","https:\/\/www.linkedin.com\/in\/fernando-vicente-97595012","https:\/\/www.pinterest.es\/FVicente_illust\/","https:\/\/x.com\/https:\/\/twitter.com\/fvicente_illust"]}]}},"_links":{"self":[{"href":"https:\/\/www.fernandovicente.es\/en\/wp-json\/wp\/v2\/product\/14666","targetHints":{"allow":["GET"]}}],"collection":[{"href":"https:\/\/www.fernandovicente.es\/en\/wp-json\/wp\/v2\/product"}],"about":[{"href":"https:\/\/www.fernandovicente.es\/en\/wp-json\/wp\/v2\/types\/product"}],"wp:featuredmedia":[{"embeddable":true,"href":"https:\/\/www.fernandovicente.es\/en\/wp-json\/wp\/v2\/media\/14655"}],"wp:attachment":[{"href":"https:\/\/www.fernandovicente.es\/en\/wp-json\/wp\/v2\/media?parent=14666"}],"wp:term":[{"taxonomy":"product_cat","embeddable":true,"href":"https:\/\/www.fernandovicente.es\/en\/wp-json\/wp\/v2\/product_cat?post=14666"},{"taxonomy":"product_tag","embeddable":true,"href":"https:\/\/www.fernandovicente.es\/en\/wp-json\/wp\/v2\/product_tag?post=14666"}],"curies":[{"name":"wp","href":"https:\/\/api.w.org\/{rel}","templated":true}]}}