{"id":17245,"date":"2025-07-27T20:45:42","date_gmt":"2025-07-27T18:45:42","guid":{"rendered":"https:\/\/www.fernandovicente.es\/?post_type=product&#038;p=17245"},"modified":"2026-03-13T13:11:07","modified_gmt":"2026-03-13T11:11:07","slug":"mapa-de-los-cafes-literarios-de-madrid","status":"publish","type":"product","link":"https:\/\/www.fernandovicente.es\/en\/shop-online-prints-books-original-cards-postcards-calendars-fernando-vicente\/mapa-de-los-cafes-literarios-de-madrid\/","title":{"rendered":"Mapa de los Caf\u00e9s literarios de Madrid"},"content":{"rendered":"<p>Mapa de los caf\u00e9s literarios de Madrid ilustrado por <a href=\"https:\/\/www.instagram.com\/fvicente_illust\/?hl=es\">Fernando Vicente<\/a>.<\/p>\n<p>VELADORES BOHEMIA Los caf\u00e9s literarios mas emblem\u00e1ticos de Madrid .<\/p>\n<p>Los caf\u00e9s literarios fueron el coraz\u00f3n de la vida intelectual desde mediados del siglo XIX hasta el \u00faltimo cuarto del siglo XX. Gracias a las comodidades que ofrec\u00edan, pronto se convirtieron en el refugio preferido de poetas, novelistas, dramaturgos y actores. All\u00ed siempre pod\u00edan encontrar calefacci\u00f3n, un trago de an\u00eds o de absenta, y una buena charla. En torno a sus veladores se compartieron tanto las ideas m\u00e1s audaces como los chismes m\u00e1s golosos. Con la llegada de la tele, el arte de la conversaci\u00f3n perdi\u00f3 parte de su prestigio. Algunos de estos establecimientos siguen abiertos y son mucho m\u00e1s que escenarios de la nostalgia.<\/p>\n<figure id=\"attachment_17252\" aria-describedby=\"caption-attachment-17252\" style=\"width: 900px\" class=\"wp-caption alignnone\"><img loading=\"lazy\" decoding=\"async\" class=\"size-full wp-image-17252\" src=\"https:\/\/www.fernandovicente.es\/wp-content\/uploads\/2025\/11\/Cafes-literarios-mapa-Fernando-Vicente-web.jpg\" alt=\"Mapa de los Caf\u00e9s literarios de Madrid\" width=\"900\" height=\"596\" srcset=\"https:\/\/www.fernandovicente.es\/wp-content\/uploads\/2025\/11\/Cafes-literarios-mapa-Fernando-Vicente-web.jpg 900w, https:\/\/www.fernandovicente.es\/wp-content\/uploads\/2025\/11\/Cafes-literarios-mapa-Fernando-Vicente-web-300x199.jpg 300w, https:\/\/www.fernandovicente.es\/wp-content\/uploads\/2025\/11\/Cafes-literarios-mapa-Fernando-Vicente-web-768x509.jpg 768w, https:\/\/www.fernandovicente.es\/wp-content\/uploads\/2025\/11\/Cafes-literarios-mapa-Fernando-Vicente-web-430x285.jpg 430w, https:\/\/www.fernandovicente.es\/wp-content\/uploads\/2025\/11\/Cafes-literarios-mapa-Fernando-Vicente-web-860x570.jpg 860w, https:\/\/www.fernandovicente.es\/wp-content\/uploads\/2025\/11\/Cafes-literarios-mapa-Fernando-Vicente-web-600x397.jpg 600w\" sizes=\"auto, (max-width: 900px) 100vw, 900px\" \/><figcaption id=\"caption-attachment-17252\" class=\"wp-caption-text\">Mapa de los Caf\u00e9s literarios de Madrid<\/figcaption><\/figure>\n","protected":false},"excerpt":{"rendered":"<p>Mapa de los caf\u00e9s literarios de Madrid ilustrado por Fernando Vicente. VELADORES BOHEMIA Los caf\u00e9s literarios mas emblem\u00e1ticos de Madrid . Los caf\u00e9s literarios fueron&hellip;<\/p>\n","protected":false},"featured_media":17253,"template":"","meta":[],"product_cat":[4045,456,1807,1943],"product_tag":[4314,1944,3163,1945,1946,1947],"class_list":{"0":"post-17245","1":"product","2":"type-product","3":"status-publish","4":"has-post-thumbnail","6":"product_cat-maps-and-places-of-madrid-en","7":"product_cat-prints-en","8":"product_cat-prints-giclee-30x40-en","9":"product_cat-small-prints-giclee-en","10":"product_tag-cafes-literarios","11":"product_tag-jardines-del-buen-retiro-en","12":"product_tag-madrid-en","13":"product_tag-mapa-del-retiro-en","14":"product_tag-parque-del-retiro-en","15":"product_tag-retiro-en","16":"product_shipping_class-libros-impresiones-barajas-postales-originales-en","17":"pa_color-cafes-literarios","18":"pa_tamano-245x33","19":"pa_tamano-30-x-40-cm","20":"pa_tamano-42-x-594-cm","22":"first","23":"instock","24":"shipping-taxable","25":"purchasable","26":"product-type-variable","27":"has-default-attributes","28":"wvs-archive-product-wrapper"},"yoast_head":"<!-- This site is optimized with the Yoast SEO plugin v26.9 - https:\/\/yoast.com\/product\/yoast-seo-wordpress\/ -->\n<title>Mapa de los Caf\u00e9s literarios de Madrid - Fernando Vicente ilustrado<\/title>\n<meta name=\"description\" content=\"Mapa de los caf\u00e9s literarios de Madrid ilustrado por Fernando Vicente. VELADORES BOHEMIA Los caf\u00e9s literarios mas emblem\u00e1ticos de Madrid .\" \/>\n<meta name=\"robots\" content=\"index, follow, max-snippet:-1, max-image-preview:large, max-video-preview:-1\" \/>\n<link rel=\"canonical\" href=\"https:\/\/www.fernandovicente.es\/en\/shop-online-prints-books-original-cards-postcards-calendars-fernando-vicente\/mapa-de-los-cafes-literarios-de-madrid\/\" \/>\n<meta property=\"og:locale\" content=\"en_US\" \/>\n<meta property=\"og:type\" content=\"article\" \/>\n<meta property=\"og:title\" content=\"Mapa de los Caf\u00e9s literarios de Madrid - Fernando Vicente ilustrado\" \/>\n<meta property=\"og:description\" content=\"Mapa de los caf\u00e9s literarios de Madrid ilustrado por Fernando Vicente. VELADORES BOHEMIA Los caf\u00e9s literarios mas emblem\u00e1ticos de Madrid .\" \/>\n<meta property=\"og:url\" content=\"https:\/\/www.fernandovicente.es\/en\/shop-online-prints-books-original-cards-postcards-calendars-fernando-vicente\/mapa-de-los-cafes-literarios-de-madrid\/\" \/>\n<meta property=\"og:site_name\" content=\"Fernando Vicente\" \/>\n<meta property=\"article:publisher\" content=\"https:\/\/www.facebook.com\/FernandoVicenteIllustrator\/\" \/>\n<meta property=\"article:modified_time\" content=\"2026-03-13T11:11:07+00:00\" \/>\n<meta property=\"og:image\" content=\"https:\/\/www.fernandovicente.es\/wp-content\/uploads\/2025\/11\/Cafes-literarios-mapa-Fernando-Vicente-web.jpg\" \/>\n\t<meta property=\"og:image:width\" content=\"900\" \/>\n\t<meta property=\"og:image:height\" content=\"596\" \/>\n\t<meta property=\"og:image:type\" content=\"image\/jpeg\" \/>\n<meta name=\"twitter:card\" content=\"summary_large_image\" \/>\n<meta name=\"twitter:site\" content=\"@fvicente_illust\" \/>\n<meta name=\"twitter:label1\" content=\"Est. reading time\" \/>\n\t<meta name=\"twitter:data1\" content=\"1 minute\" \/>\n<script type=\"application\/ld+json\" class=\"yoast-schema-graph\">{\"@context\":\"https:\/\/schema.org\",\"@graph\":[{\"@type\":\"WebPage\",\"@id\":\"https:\/\/www.fernandovicente.es\/en\/shop-online-prints-books-original-cards-postcards-calendars-fernando-vicente\/mapa-de-los-cafes-literarios-de-madrid\/\",\"url\":\"https:\/\/www.fernandovicente.es\/en\/shop-online-prints-books-original-cards-postcards-calendars-fernando-vicente\/mapa-de-los-cafes-literarios-de-madrid\/\",\"name\":\"Mapa de los Caf\u00e9s literarios de Madrid - Fernando Vicente ilustrado\",\"isPartOf\":{\"@id\":\"https:\/\/www.fernandovicente.es\/en\/#website\"},\"primaryImageOfPage\":{\"@id\":\"https:\/\/www.fernandovicente.es\/en\/shop-online-prints-books-original-cards-postcards-calendars-fernando-vicente\/mapa-de-los-cafes-literarios-de-madrid\/#primaryimage\"},\"image\":{\"@id\":\"https:\/\/www.fernandovicente.es\/en\/shop-online-prints-books-original-cards-postcards-calendars-fernando-vicente\/mapa-de-los-cafes-literarios-de-madrid\/#primaryimage\"},\"thumbnailUrl\":\"https:\/\/www.fernandovicente.es\/wp-content\/uploads\/2025\/11\/Cafes-literarios-mapa-Fernando-Vicente-web.jpg\",\"datePublished\":\"2025-07-27T18:45:42+00:00\",\"dateModified\":\"2026-03-13T11:11:07+00:00\",\"description\":\"Mapa de los caf\u00e9s literarios de Madrid ilustrado por Fernando Vicente. VELADORES BOHEMIA Los caf\u00e9s literarios mas emblem\u00e1ticos de Madrid .\",\"breadcrumb\":{\"@id\":\"https:\/\/www.fernandovicente.es\/en\/shop-online-prints-books-original-cards-postcards-calendars-fernando-vicente\/mapa-de-los-cafes-literarios-de-madrid\/#breadcrumb\"},\"inLanguage\":\"en-US\",\"potentialAction\":[{\"@type\":\"ReadAction\",\"target\":[\"https:\/\/www.fernandovicente.es\/en\/shop-online-prints-books-original-cards-postcards-calendars-fernando-vicente\/mapa-de-los-cafes-literarios-de-madrid\/\"]}]},{\"@type\":\"ImageObject\",\"inLanguage\":\"en-US\",\"@id\":\"https:\/\/www.fernandovicente.es\/en\/shop-online-prints-books-original-cards-postcards-calendars-fernando-vicente\/mapa-de-los-cafes-literarios-de-madrid\/#primaryimage\",\"url\":\"https:\/\/www.fernandovicente.es\/wp-content\/uploads\/2025\/11\/Cafes-literarios-mapa-Fernando-Vicente-web.jpg\",\"contentUrl\":\"https:\/\/www.fernandovicente.es\/wp-content\/uploads\/2025\/11\/Cafes-literarios-mapa-Fernando-Vicente-web.jpg\",\"width\":900,\"height\":596,\"caption\":\"Mapa de los Caf\u00e9s literarios de Madrid\"},{\"@type\":\"BreadcrumbList\",\"@id\":\"https:\/\/www.fernandovicente.es\/en\/shop-online-prints-books-original-cards-postcards-calendars-fernando-vicente\/mapa-de-los-cafes-literarios-de-madrid\/#breadcrumb\",\"itemListElement\":[{\"@type\":\"ListItem\",\"position\":1,\"name\":\"Portada\",\"item\":\"https:\/\/www.fernandovicente.es\/en\/\"},{\"@type\":\"ListItem\",\"position\":2,\"name\":\"Shop Online\",\"item\":\"https:\/\/www.fernandovicente.es\/en\/shop-online-prints-books-original-cards-postcards-calendars-fernando-vicente\/\"},{\"@type\":\"ListItem\",\"position\":3,\"name\":\"Mapa de los Caf\u00e9s literarios de Madrid\"}]},{\"@type\":\"WebSite\",\"@id\":\"https:\/\/www.fernandovicente.es\/en\/#website\",\"url\":\"https:\/\/www.fernandovicente.es\/en\/\",\"name\":\"Fernando Vicente\",\"description\":\"Ilustraci\u00f3n\",\"publisher\":{\"@id\":\"https:\/\/www.fernandovicente.es\/en\/#\/schema\/person\/d49677cb48f2ea656b28261dd8f75d7f\"},\"potentialAction\":[{\"@type\":\"SearchAction\",\"target\":{\"@type\":\"EntryPoint\",\"urlTemplate\":\"https:\/\/www.fernandovicente.es\/en\/?s={search_term_string}\"},\"query-input\":{\"@type\":\"PropertyValueSpecification\",\"valueRequired\":true,\"valueName\":\"search_term_string\"}}],\"inLanguage\":\"en-US\"},{\"@type\":[\"Person\",\"Organization\"],\"@id\":\"https:\/\/www.fernandovicente.es\/en\/#\/schema\/person\/d49677cb48f2ea656b28261dd8f75d7f\",\"name\":\"Fernando Vicente\",\"image\":{\"@type\":\"ImageObject\",\"inLanguage\":\"en-US\",\"@id\":\"https:\/\/www.fernandovicente.es\/en\/#\/schema\/person\/image\/\",\"url\":\"https:\/\/www.fernandovicente.es\/wp-content\/uploads\/2014\/11\/fernando-vicente-Foto-e1419619123418.jpg\",\"contentUrl\":\"https:\/\/www.fernandovicente.es\/wp-content\/uploads\/2014\/11\/fernando-vicente-Foto-e1419619123418.jpg\",\"width\":300,\"height\":300,\"caption\":\"Fernando Vicente\"},\"logo\":{\"@id\":\"https:\/\/www.fernandovicente.es\/en\/#\/schema\/person\/image\/\"},\"description\":\"Fernando Vicente - Painter &amp; illustrator\",\"sameAs\":[\"http:\/\/www.fernandovicente.es\",\"https:\/\/www.facebook.com\/FernandoVicenteIllustrator\/\",\"https:\/\/www.instagram.com\/fvicente_illust\/\",\"https:\/\/www.linkedin.com\/in\/fernando-vicente-97595012\",\"https:\/\/www.pinterest.es\/FVicente_illust\/\",\"https:\/\/x.com\/https:\/\/twitter.com\/fvicente_illust\"]}]}<\/script>\n<!-- \/ Yoast SEO plugin. -->","yoast_head_json":{"title":"Mapa de los Caf\u00e9s literarios de Madrid - Fernando Vicente ilustrado","description":"Mapa de los caf\u00e9s literarios de Madrid ilustrado por Fernando Vicente. VELADORES BOHEMIA Los caf\u00e9s literarios mas emblem\u00e1ticos de Madrid .","robots":{"index":"index","follow":"follow","max-snippet":"max-snippet:-1","max-image-preview":"max-image-preview:large","max-video-preview":"max-video-preview:-1"},"canonical":"https:\/\/www.fernandovicente.es\/en\/shop-online-prints-books-original-cards-postcards-calendars-fernando-vicente\/mapa-de-los-cafes-literarios-de-madrid\/","og_locale":"en_US","og_type":"article","og_title":"Mapa de los Caf\u00e9s literarios de Madrid - Fernando Vicente ilustrado","og_description":"Mapa de los caf\u00e9s literarios de Madrid ilustrado por Fernando Vicente. VELADORES BOHEMIA Los caf\u00e9s literarios mas emblem\u00e1ticos de Madrid .","og_url":"https:\/\/www.fernandovicente.es\/en\/shop-online-prints-books-original-cards-postcards-calendars-fernando-vicente\/mapa-de-los-cafes-literarios-de-madrid\/","og_site_name":"Fernando Vicente","article_publisher":"https:\/\/www.facebook.com\/FernandoVicenteIllustrator\/","article_modified_time":"2026-03-13T11:11:07+00:00","og_image":[{"width":900,"height":596,"url":"https:\/\/www.fernandovicente.es\/wp-content\/uploads\/2025\/11\/Cafes-literarios-mapa-Fernando-Vicente-web.jpg","type":"image\/jpeg"}],"twitter_card":"summary_large_image","twitter_site":"@fvicente_illust","twitter_misc":{"Est. reading time":"1 minute"},"schema":{"@context":"https:\/\/schema.org","@graph":[{"@type":"WebPage","@id":"https:\/\/www.fernandovicente.es\/en\/shop-online-prints-books-original-cards-postcards-calendars-fernando-vicente\/mapa-de-los-cafes-literarios-de-madrid\/","url":"https:\/\/www.fernandovicente.es\/en\/shop-online-prints-books-original-cards-postcards-calendars-fernando-vicente\/mapa-de-los-cafes-literarios-de-madrid\/","name":"Mapa de los Caf\u00e9s literarios de Madrid - Fernando Vicente ilustrado","isPartOf":{"@id":"https:\/\/www.fernandovicente.es\/en\/#website"},"primaryImageOfPage":{"@id":"https:\/\/www.fernandovicente.es\/en\/shop-online-prints-books-original-cards-postcards-calendars-fernando-vicente\/mapa-de-los-cafes-literarios-de-madrid\/#primaryimage"},"image":{"@id":"https:\/\/www.fernandovicente.es\/en\/shop-online-prints-books-original-cards-postcards-calendars-fernando-vicente\/mapa-de-los-cafes-literarios-de-madrid\/#primaryimage"},"thumbnailUrl":"https:\/\/www.fernandovicente.es\/wp-content\/uploads\/2025\/11\/Cafes-literarios-mapa-Fernando-Vicente-web.jpg","datePublished":"2025-07-27T18:45:42+00:00","dateModified":"2026-03-13T11:11:07+00:00","description":"Mapa de los caf\u00e9s literarios de Madrid ilustrado por Fernando Vicente. VELADORES BOHEMIA Los caf\u00e9s literarios mas emblem\u00e1ticos de Madrid .","breadcrumb":{"@id":"https:\/\/www.fernandovicente.es\/en\/shop-online-prints-books-original-cards-postcards-calendars-fernando-vicente\/mapa-de-los-cafes-literarios-de-madrid\/#breadcrumb"},"inLanguage":"en-US","potentialAction":[{"@type":"ReadAction","target":["https:\/\/www.fernandovicente.es\/en\/shop-online-prints-books-original-cards-postcards-calendars-fernando-vicente\/mapa-de-los-cafes-literarios-de-madrid\/"]}]},{"@type":"ImageObject","inLanguage":"en-US","@id":"https:\/\/www.fernandovicente.es\/en\/shop-online-prints-books-original-cards-postcards-calendars-fernando-vicente\/mapa-de-los-cafes-literarios-de-madrid\/#primaryimage","url":"https:\/\/www.fernandovicente.es\/wp-content\/uploads\/2025\/11\/Cafes-literarios-mapa-Fernando-Vicente-web.jpg","contentUrl":"https:\/\/www.fernandovicente.es\/wp-content\/uploads\/2025\/11\/Cafes-literarios-mapa-Fernando-Vicente-web.jpg","width":900,"height":596,"caption":"Mapa de los Caf\u00e9s literarios de Madrid"},{"@type":"BreadcrumbList","@id":"https:\/\/www.fernandovicente.es\/en\/shop-online-prints-books-original-cards-postcards-calendars-fernando-vicente\/mapa-de-los-cafes-literarios-de-madrid\/#breadcrumb","itemListElement":[{"@type":"ListItem","position":1,"name":"Portada","item":"https:\/\/www.fernandovicente.es\/en\/"},{"@type":"ListItem","position":2,"name":"Shop Online","item":"https:\/\/www.fernandovicente.es\/en\/shop-online-prints-books-original-cards-postcards-calendars-fernando-vicente\/"},{"@type":"ListItem","position":3,"name":"Mapa de los Caf\u00e9s literarios de Madrid"}]},{"@type":"WebSite","@id":"https:\/\/www.fernandovicente.es\/en\/#website","url":"https:\/\/www.fernandovicente.es\/en\/","name":"Fernando Vicente","description":"Ilustraci\u00f3n","publisher":{"@id":"https:\/\/www.fernandovicente.es\/en\/#\/schema\/person\/d49677cb48f2ea656b28261dd8f75d7f"},"potentialAction":[{"@type":"SearchAction","target":{"@type":"EntryPoint","urlTemplate":"https:\/\/www.fernandovicente.es\/en\/?s={search_term_string}"},"query-input":{"@type":"PropertyValueSpecification","valueRequired":true,"valueName":"search_term_string"}}],"inLanguage":"en-US"},{"@type":["Person","Organization"],"@id":"https:\/\/www.fernandovicente.es\/en\/#\/schema\/person\/d49677cb48f2ea656b28261dd8f75d7f","name":"Fernando Vicente","image":{"@type":"ImageObject","inLanguage":"en-US","@id":"https:\/\/www.fernandovicente.es\/en\/#\/schema\/person\/image\/","url":"https:\/\/www.fernandovicente.es\/wp-content\/uploads\/2014\/11\/fernando-vicente-Foto-e1419619123418.jpg","contentUrl":"https:\/\/www.fernandovicente.es\/wp-content\/uploads\/2014\/11\/fernando-vicente-Foto-e1419619123418.jpg","width":300,"height":300,"caption":"Fernando Vicente"},"logo":{"@id":"https:\/\/www.fernandovicente.es\/en\/#\/schema\/person\/image\/"},"description":"Fernando Vicente - Painter &amp; illustrator","sameAs":["http:\/\/www.fernandovicente.es","https:\/\/www.facebook.com\/FernandoVicenteIllustrator\/","https:\/\/www.instagram.com\/fvicente_illust\/","https:\/\/www.linkedin.com\/in\/fernando-vicente-97595012","https:\/\/www.pinterest.es\/FVicente_illust\/","https:\/\/x.com\/https:\/\/twitter.com\/fvicente_illust"]}]}},"_links":{"self":[{"href":"https:\/\/www.fernandovicente.es\/en\/wp-json\/wp\/v2\/product\/17245","targetHints":{"allow":["GET"]}}],"collection":[{"href":"https:\/\/www.fernandovicente.es\/en\/wp-json\/wp\/v2\/product"}],"about":[{"href":"https:\/\/www.fernandovicente.es\/en\/wp-json\/wp\/v2\/types\/product"}],"wp:featuredmedia":[{"embeddable":true,"href":"https:\/\/www.fernandovicente.es\/en\/wp-json\/wp\/v2\/media\/17253"}],"wp:attachment":[{"href":"https:\/\/www.fernandovicente.es\/en\/wp-json\/wp\/v2\/media?parent=17245"}],"wp:term":[{"taxonomy":"product_cat","embeddable":true,"href":"https:\/\/www.fernandovicente.es\/en\/wp-json\/wp\/v2\/product_cat?post=17245"},{"taxonomy":"product_tag","embeddable":true,"href":"https:\/\/www.fernandovicente.es\/en\/wp-json\/wp\/v2\/product_tag?post=17245"}],"curies":[{"name":"wp","href":"https:\/\/api.w.org\/{rel}","templated":true}]}}