{"id":8886,"date":"2019-11-20T20:14:37","date_gmt":"2019-11-20T20:14:37","guid":{"rendered":"https:\/\/www.fernandovicente.es\/?post_type=product&#038;p=8886"},"modified":"2026-03-13T13:36:53","modified_gmt":"2026-03-13T11:36:53","slug":"museo-del-prado","status":"publish","type":"product","link":"https:\/\/www.fernandovicente.es\/en\/shop-online-prints-books-original-cards-postcards-calendars-fernando-vicente\/museo-del-prado\/","title":{"rendered":"Museo del Prado 200 aniversario"},"content":{"rendered":"<p>Museo del Prado 200 aniversario.<\/p>\n<p>Pinacoteca Nacional de Madrid ilustrado por <a href=\"https:\/\/www.instagram.com\/fvicente_illust\/?hl=es\">Fernando Vicente<\/a>.<\/p>\n<p>Museo del Prado ilustrado por Fernando Vicente.<\/p>\n<p><strong>El Museo Nacional del Prado, celebra en 2019\u00a0su <a href=\"https:\/\/www.museodelprado.es\/bicentenario\" target=\"_blank\" rel=\"noopener\">bicentenario<\/a>, y los protagosnitas de sus cuadros salen a celebrarlo segun Fernando Vicente<br \/>\n<\/strong><\/p>\n<h2>Historia del Museo del Prado<\/h2>\n<p>El 10 de noviembre de 1819 abr\u00eda sus puertas por primera vez el Museo Nacional del Prado.<\/p>\n<p>Gracias al apoyo de Mar\u00eda Isabel de Braganza, esposa de Fernando VII, el edificio que <strong>Juan de Villanueva<\/strong> hab\u00eda dise\u00f1ado como Gabinete de Historia Natural acog\u00eda finalmente una parte importante de las colecciones reales. Con los a\u00f1os, donaciones particulares y compras fueron ampliando los fondos de la pinacoteca.<\/p>\n<p>Durante la Guerra Civil las obras de arte se protegieron de los posibles bombardeos con sacos de arena en la planta baja del museo. Finalmente, por recomendaci\u00f3n de la Sociedad de Naciones la colecci\u00f3n viaj\u00f3 primero a Valencia y luego a Ginebra, de donde tuvieron que regresar r\u00e1pidamente a Madrid tras el estallido de\u00a0la Segunda Guerra Mundial.<\/p>\n<figure id=\"attachment_8893\" aria-describedby=\"caption-attachment-8893\" style=\"width: 1280px\" class=\"wp-caption alignnone\"><a href=\"https:\/\/www.fernandovicente.es\/wp-content\/uploads\/2019\/11\/Museo-del-Prado-web-Fernando-Vicente-.jpg\"><img loading=\"lazy\" decoding=\"async\" class=\"size-full wp-image-8893\" src=\"https:\/\/www.fernandovicente.es\/wp-content\/uploads\/2019\/11\/Museo-del-Prado-web-Fernando-Vicente-.jpg\" alt=\"Museo del Prado Fernando Vicente\" width=\"1280\" height=\"900\" srcset=\"https:\/\/www.fernandovicente.es\/wp-content\/uploads\/2019\/11\/Museo-del-Prado-web-Fernando-Vicente-.jpg 1280w, https:\/\/www.fernandovicente.es\/wp-content\/uploads\/2019\/11\/Museo-del-Prado-web-Fernando-Vicente--600x422.jpg 600w, https:\/\/www.fernandovicente.es\/wp-content\/uploads\/2019\/11\/Museo-del-Prado-web-Fernando-Vicente--300x211.jpg 300w, https:\/\/www.fernandovicente.es\/wp-content\/uploads\/2019\/11\/Museo-del-Prado-web-Fernando-Vicente--768x540.jpg 768w, https:\/\/www.fernandovicente.es\/wp-content\/uploads\/2019\/11\/Museo-del-Prado-web-Fernando-Vicente--1024x720.jpg 1024w, https:\/\/www.fernandovicente.es\/wp-content\/uploads\/2019\/11\/Museo-del-Prado-web-Fernando-Vicente--430x302.jpg 430w, https:\/\/www.fernandovicente.es\/wp-content\/uploads\/2019\/11\/Museo-del-Prado-web-Fernando-Vicente--860x605.jpg 860w, https:\/\/www.fernandovicente.es\/wp-content\/uploads\/2019\/11\/Museo-del-Prado-web-Fernando-Vicente--400x280.jpg 400w\" sizes=\"auto, (max-width: 1280px) 100vw, 1280px\" \/><\/a><figcaption id=\"caption-attachment-8893\" class=\"wp-caption-text\">Museo del Prado Fernando Vicente<\/figcaption><\/figure>\n","protected":false},"excerpt":{"rendered":"<p>Museo del Prado 200 aniversario. Pinacoteca Nacional de Madrid ilustrado por Fernando Vicente. Museo del Prado ilustrado por Fernando Vicente. El Museo Nacional del Prado,&hellip;<\/p>\n","protected":false},"featured_media":8894,"template":"","meta":[],"product_cat":[1292,4045,456,1807,1943],"product_tag":[2499,2500],"class_list":{"0":"post-8886","1":"product","2":"type-product","3":"status-publish","4":"has-post-thumbnail","6":"product_cat-big-prints-giglee-en","7":"product_cat-maps-and-places-of-madrid-en","8":"product_cat-prints-en","9":"product_cat-prints-giclee-30x40-en","10":"product_cat-small-prints-giclee-en","11":"product_tag-bicentenario-en","12":"product_tag-museo-del-prado-en","13":"product_shipping_class-libros-impresiones-barajas-postales-originales-en","14":"pa_color-museo-del-prado-en","15":"pa_tamano-245x33","16":"pa_tamano-30-x-40-cm","17":"pa_tamano-42-x-594-cm","19":"first","20":"instock","21":"shipping-taxable","22":"purchasable","23":"product-type-variable","24":"wvs-archive-product-wrapper"},"yoast_head":"<!-- This site is optimized with the Yoast SEO plugin v26.9 - https:\/\/yoast.com\/product\/yoast-seo-wordpress\/ -->\n<title>Museo del Prado 200 aniversario - Fernando Vicente ilustrado<\/title>\n<meta name=\"description\" content=\"Museo del Prado ilustrado por Fernando Vicente. El Museo Nacional del Prado, celebra en 2019 su bicentenario, y los protagosnitas salen a celebrarlo\" \/>\n<meta name=\"robots\" content=\"index, follow, max-snippet:-1, max-image-preview:large, max-video-preview:-1\" \/>\n<link rel=\"canonical\" href=\"https:\/\/www.fernandovicente.es\/en\/shop-online-prints-books-original-cards-postcards-calendars-fernando-vicente\/museo-del-prado\/\" \/>\n<meta property=\"og:locale\" content=\"en_US\" \/>\n<meta property=\"og:type\" content=\"article\" \/>\n<meta property=\"og:title\" content=\"Museo del Prado 200 aniversario - Fernando Vicente ilustrado\" \/>\n<meta property=\"og:description\" content=\"Museo del Prado ilustrado por Fernando Vicente. El Museo Nacional del Prado, celebra en 2019 su bicentenario, y los protagosnitas salen a celebrarlo\" \/>\n<meta property=\"og:url\" content=\"https:\/\/www.fernandovicente.es\/en\/shop-online-prints-books-original-cards-postcards-calendars-fernando-vicente\/museo-del-prado\/\" \/>\n<meta property=\"og:site_name\" content=\"Fernando Vicente\" \/>\n<meta property=\"article:publisher\" content=\"https:\/\/www.facebook.com\/FernandoVicenteIllustrator\/\" \/>\n<meta property=\"article:modified_time\" content=\"2026-03-13T11:36:53+00:00\" \/>\n<meta property=\"og:image\" content=\"https:\/\/www.fernandovicente.es\/wp-content\/uploads\/2019\/11\/Museo-del-Prado-web-Fernando-Vicente-.jpg\" \/>\n\t<meta property=\"og:image:width\" content=\"1280\" \/>\n\t<meta property=\"og:image:height\" content=\"900\" \/>\n\t<meta property=\"og:image:type\" content=\"image\/jpeg\" \/>\n<meta name=\"twitter:card\" content=\"summary_large_image\" \/>\n<meta name=\"twitter:site\" content=\"@fvicente_illust\" \/>\n<meta name=\"twitter:label1\" content=\"Est. reading time\" \/>\n\t<meta name=\"twitter:data1\" content=\"1 minute\" \/>\n<script type=\"application\/ld+json\" class=\"yoast-schema-graph\">{\"@context\":\"https:\/\/schema.org\",\"@graph\":[{\"@type\":\"WebPage\",\"@id\":\"https:\/\/www.fernandovicente.es\/en\/shop-online-prints-books-original-cards-postcards-calendars-fernando-vicente\/museo-del-prado\/\",\"url\":\"https:\/\/www.fernandovicente.es\/en\/shop-online-prints-books-original-cards-postcards-calendars-fernando-vicente\/museo-del-prado\/\",\"name\":\"Museo del Prado 200 aniversario - Fernando Vicente ilustrado\",\"isPartOf\":{\"@id\":\"https:\/\/www.fernandovicente.es\/en\/#website\"},\"primaryImageOfPage\":{\"@id\":\"https:\/\/www.fernandovicente.es\/en\/shop-online-prints-books-original-cards-postcards-calendars-fernando-vicente\/museo-del-prado\/#primaryimage\"},\"image\":{\"@id\":\"https:\/\/www.fernandovicente.es\/en\/shop-online-prints-books-original-cards-postcards-calendars-fernando-vicente\/museo-del-prado\/#primaryimage\"},\"thumbnailUrl\":\"https:\/\/www.fernandovicente.es\/wp-content\/uploads\/2019\/11\/Museo-del-Prado-web-Fernando-Vicente-.jpg\",\"datePublished\":\"2019-11-20T20:14:37+00:00\",\"dateModified\":\"2026-03-13T11:36:53+00:00\",\"description\":\"Museo del Prado ilustrado por Fernando Vicente. El Museo Nacional del Prado, celebra en 2019 su bicentenario, y los protagosnitas salen a celebrarlo\",\"breadcrumb\":{\"@id\":\"https:\/\/www.fernandovicente.es\/en\/shop-online-prints-books-original-cards-postcards-calendars-fernando-vicente\/museo-del-prado\/#breadcrumb\"},\"inLanguage\":\"en-US\",\"potentialAction\":[{\"@type\":\"ReadAction\",\"target\":[\"https:\/\/www.fernandovicente.es\/en\/shop-online-prints-books-original-cards-postcards-calendars-fernando-vicente\/museo-del-prado\/\"]}]},{\"@type\":\"ImageObject\",\"inLanguage\":\"en-US\",\"@id\":\"https:\/\/www.fernandovicente.es\/en\/shop-online-prints-books-original-cards-postcards-calendars-fernando-vicente\/museo-del-prado\/#primaryimage\",\"url\":\"https:\/\/www.fernandovicente.es\/wp-content\/uploads\/2019\/11\/Museo-del-Prado-web-Fernando-Vicente-.jpg\",\"contentUrl\":\"https:\/\/www.fernandovicente.es\/wp-content\/uploads\/2019\/11\/Museo-del-Prado-web-Fernando-Vicente-.jpg\",\"width\":1280,\"height\":900,\"caption\":\"Museo del Prado Fernando Vicente\"},{\"@type\":\"BreadcrumbList\",\"@id\":\"https:\/\/www.fernandovicente.es\/en\/shop-online-prints-books-original-cards-postcards-calendars-fernando-vicente\/museo-del-prado\/#breadcrumb\",\"itemListElement\":[{\"@type\":\"ListItem\",\"position\":1,\"name\":\"Portada\",\"item\":\"https:\/\/www.fernandovicente.es\/en\/\"},{\"@type\":\"ListItem\",\"position\":2,\"name\":\"Shop Online\",\"item\":\"https:\/\/www.fernandovicente.es\/en\/shop-online-prints-books-original-cards-postcards-calendars-fernando-vicente\/\"},{\"@type\":\"ListItem\",\"position\":3,\"name\":\"Museo del Prado 200 aniversario\"}]},{\"@type\":\"WebSite\",\"@id\":\"https:\/\/www.fernandovicente.es\/en\/#website\",\"url\":\"https:\/\/www.fernandovicente.es\/en\/\",\"name\":\"Fernando Vicente\",\"description\":\"Ilustraci\u00f3n\",\"publisher\":{\"@id\":\"https:\/\/www.fernandovicente.es\/en\/#\/schema\/person\/d49677cb48f2ea656b28261dd8f75d7f\"},\"potentialAction\":[{\"@type\":\"SearchAction\",\"target\":{\"@type\":\"EntryPoint\",\"urlTemplate\":\"https:\/\/www.fernandovicente.es\/en\/?s={search_term_string}\"},\"query-input\":{\"@type\":\"PropertyValueSpecification\",\"valueRequired\":true,\"valueName\":\"search_term_string\"}}],\"inLanguage\":\"en-US\"},{\"@type\":[\"Person\",\"Organization\"],\"@id\":\"https:\/\/www.fernandovicente.es\/en\/#\/schema\/person\/d49677cb48f2ea656b28261dd8f75d7f\",\"name\":\"Fernando Vicente\",\"image\":{\"@type\":\"ImageObject\",\"inLanguage\":\"en-US\",\"@id\":\"https:\/\/www.fernandovicente.es\/en\/#\/schema\/person\/image\/\",\"url\":\"https:\/\/www.fernandovicente.es\/wp-content\/uploads\/2014\/11\/fernando-vicente-Foto-e1419619123418.jpg\",\"contentUrl\":\"https:\/\/www.fernandovicente.es\/wp-content\/uploads\/2014\/11\/fernando-vicente-Foto-e1419619123418.jpg\",\"width\":300,\"height\":300,\"caption\":\"Fernando Vicente\"},\"logo\":{\"@id\":\"https:\/\/www.fernandovicente.es\/en\/#\/schema\/person\/image\/\"},\"description\":\"Fernando Vicente - Painter &amp; illustrator\",\"sameAs\":[\"http:\/\/www.fernandovicente.es\",\"https:\/\/www.facebook.com\/FernandoVicenteIllustrator\/\",\"https:\/\/www.instagram.com\/fvicente_illust\/\",\"https:\/\/www.linkedin.com\/in\/fernando-vicente-97595012\",\"https:\/\/www.pinterest.es\/FVicente_illust\/\",\"https:\/\/x.com\/https:\/\/twitter.com\/fvicente_illust\"]}]}<\/script>\n<!-- \/ Yoast SEO plugin. -->","yoast_head_json":{"title":"Museo del Prado 200 aniversario - Fernando Vicente ilustrado","description":"Museo del Prado ilustrado por Fernando Vicente. El Museo Nacional del Prado, celebra en 2019 su bicentenario, y los protagosnitas salen a celebrarlo","robots":{"index":"index","follow":"follow","max-snippet":"max-snippet:-1","max-image-preview":"max-image-preview:large","max-video-preview":"max-video-preview:-1"},"canonical":"https:\/\/www.fernandovicente.es\/en\/shop-online-prints-books-original-cards-postcards-calendars-fernando-vicente\/museo-del-prado\/","og_locale":"en_US","og_type":"article","og_title":"Museo del Prado 200 aniversario - Fernando Vicente ilustrado","og_description":"Museo del Prado ilustrado por Fernando Vicente. El Museo Nacional del Prado, celebra en 2019 su bicentenario, y los protagosnitas salen a celebrarlo","og_url":"https:\/\/www.fernandovicente.es\/en\/shop-online-prints-books-original-cards-postcards-calendars-fernando-vicente\/museo-del-prado\/","og_site_name":"Fernando Vicente","article_publisher":"https:\/\/www.facebook.com\/FernandoVicenteIllustrator\/","article_modified_time":"2026-03-13T11:36:53+00:00","og_image":[{"width":1280,"height":900,"url":"https:\/\/www.fernandovicente.es\/wp-content\/uploads\/2019\/11\/Museo-del-Prado-web-Fernando-Vicente-.jpg","type":"image\/jpeg"}],"twitter_card":"summary_large_image","twitter_site":"@fvicente_illust","twitter_misc":{"Est. reading time":"1 minute"},"schema":{"@context":"https:\/\/schema.org","@graph":[{"@type":"WebPage","@id":"https:\/\/www.fernandovicente.es\/en\/shop-online-prints-books-original-cards-postcards-calendars-fernando-vicente\/museo-del-prado\/","url":"https:\/\/www.fernandovicente.es\/en\/shop-online-prints-books-original-cards-postcards-calendars-fernando-vicente\/museo-del-prado\/","name":"Museo del Prado 200 aniversario - Fernando Vicente ilustrado","isPartOf":{"@id":"https:\/\/www.fernandovicente.es\/en\/#website"},"primaryImageOfPage":{"@id":"https:\/\/www.fernandovicente.es\/en\/shop-online-prints-books-original-cards-postcards-calendars-fernando-vicente\/museo-del-prado\/#primaryimage"},"image":{"@id":"https:\/\/www.fernandovicente.es\/en\/shop-online-prints-books-original-cards-postcards-calendars-fernando-vicente\/museo-del-prado\/#primaryimage"},"thumbnailUrl":"https:\/\/www.fernandovicente.es\/wp-content\/uploads\/2019\/11\/Museo-del-Prado-web-Fernando-Vicente-.jpg","datePublished":"2019-11-20T20:14:37+00:00","dateModified":"2026-03-13T11:36:53+00:00","description":"Museo del Prado ilustrado por Fernando Vicente. El Museo Nacional del Prado, celebra en 2019 su bicentenario, y los protagosnitas salen a celebrarlo","breadcrumb":{"@id":"https:\/\/www.fernandovicente.es\/en\/shop-online-prints-books-original-cards-postcards-calendars-fernando-vicente\/museo-del-prado\/#breadcrumb"},"inLanguage":"en-US","potentialAction":[{"@type":"ReadAction","target":["https:\/\/www.fernandovicente.es\/en\/shop-online-prints-books-original-cards-postcards-calendars-fernando-vicente\/museo-del-prado\/"]}]},{"@type":"ImageObject","inLanguage":"en-US","@id":"https:\/\/www.fernandovicente.es\/en\/shop-online-prints-books-original-cards-postcards-calendars-fernando-vicente\/museo-del-prado\/#primaryimage","url":"https:\/\/www.fernandovicente.es\/wp-content\/uploads\/2019\/11\/Museo-del-Prado-web-Fernando-Vicente-.jpg","contentUrl":"https:\/\/www.fernandovicente.es\/wp-content\/uploads\/2019\/11\/Museo-del-Prado-web-Fernando-Vicente-.jpg","width":1280,"height":900,"caption":"Museo del Prado Fernando Vicente"},{"@type":"BreadcrumbList","@id":"https:\/\/www.fernandovicente.es\/en\/shop-online-prints-books-original-cards-postcards-calendars-fernando-vicente\/museo-del-prado\/#breadcrumb","itemListElement":[{"@type":"ListItem","position":1,"name":"Portada","item":"https:\/\/www.fernandovicente.es\/en\/"},{"@type":"ListItem","position":2,"name":"Shop Online","item":"https:\/\/www.fernandovicente.es\/en\/shop-online-prints-books-original-cards-postcards-calendars-fernando-vicente\/"},{"@type":"ListItem","position":3,"name":"Museo del Prado 200 aniversario"}]},{"@type":"WebSite","@id":"https:\/\/www.fernandovicente.es\/en\/#website","url":"https:\/\/www.fernandovicente.es\/en\/","name":"Fernando Vicente","description":"Ilustraci\u00f3n","publisher":{"@id":"https:\/\/www.fernandovicente.es\/en\/#\/schema\/person\/d49677cb48f2ea656b28261dd8f75d7f"},"potentialAction":[{"@type":"SearchAction","target":{"@type":"EntryPoint","urlTemplate":"https:\/\/www.fernandovicente.es\/en\/?s={search_term_string}"},"query-input":{"@type":"PropertyValueSpecification","valueRequired":true,"valueName":"search_term_string"}}],"inLanguage":"en-US"},{"@type":["Person","Organization"],"@id":"https:\/\/www.fernandovicente.es\/en\/#\/schema\/person\/d49677cb48f2ea656b28261dd8f75d7f","name":"Fernando Vicente","image":{"@type":"ImageObject","inLanguage":"en-US","@id":"https:\/\/www.fernandovicente.es\/en\/#\/schema\/person\/image\/","url":"https:\/\/www.fernandovicente.es\/wp-content\/uploads\/2014\/11\/fernando-vicente-Foto-e1419619123418.jpg","contentUrl":"https:\/\/www.fernandovicente.es\/wp-content\/uploads\/2014\/11\/fernando-vicente-Foto-e1419619123418.jpg","width":300,"height":300,"caption":"Fernando Vicente"},"logo":{"@id":"https:\/\/www.fernandovicente.es\/en\/#\/schema\/person\/image\/"},"description":"Fernando Vicente - Painter &amp; illustrator","sameAs":["http:\/\/www.fernandovicente.es","https:\/\/www.facebook.com\/FernandoVicenteIllustrator\/","https:\/\/www.instagram.com\/fvicente_illust\/","https:\/\/www.linkedin.com\/in\/fernando-vicente-97595012","https:\/\/www.pinterest.es\/FVicente_illust\/","https:\/\/x.com\/https:\/\/twitter.com\/fvicente_illust"]}]}},"_links":{"self":[{"href":"https:\/\/www.fernandovicente.es\/en\/wp-json\/wp\/v2\/product\/8886","targetHints":{"allow":["GET"]}}],"collection":[{"href":"https:\/\/www.fernandovicente.es\/en\/wp-json\/wp\/v2\/product"}],"about":[{"href":"https:\/\/www.fernandovicente.es\/en\/wp-json\/wp\/v2\/types\/product"}],"wp:featuredmedia":[{"embeddable":true,"href":"https:\/\/www.fernandovicente.es\/en\/wp-json\/wp\/v2\/media\/8894"}],"wp:attachment":[{"href":"https:\/\/www.fernandovicente.es\/en\/wp-json\/wp\/v2\/media?parent=8886"}],"wp:term":[{"taxonomy":"product_cat","embeddable":true,"href":"https:\/\/www.fernandovicente.es\/en\/wp-json\/wp\/v2\/product_cat?post=8886"},{"taxonomy":"product_tag","embeddable":true,"href":"https:\/\/www.fernandovicente.es\/en\/wp-json\/wp\/v2\/product_tag?post=8886"}],"curies":[{"name":"wp","href":"https:\/\/api.w.org\/{rel}","templated":true}]}}