{"id":9138,"date":"2020-06-03T16:27:51","date_gmt":"2020-06-03T16:27:51","guid":{"rendered":"https:\/\/www.fernandovicente.es\/?post_type=product&#038;p=9138"},"modified":"2025-08-04T11:50:17","modified_gmt":"2025-08-04T09:50:17","slug":"lectura-en-casa","status":"publish","type":"product","link":"https:\/\/www.fernandovicente.es\/en\/shop-online-prints-books-original-cards-postcards-calendars-fernando-vicente\/lectura-en-casa\/","title":{"rendered":"Lectura en casa"},"content":{"rendered":"<h1>Lectura en casa<\/h1>\n<p><span class=\"st\">Lectura en casa. La m\u00fasica y un libro nuestros aliados en la cuarentena<\/span> ilustrado por <a href=\"https:\/\/www.instagram.com\/fvicente_illust\/?hl=es\">Fernando Vicente<\/a>.<\/p>\n<figure id=\"attachment_9145\" aria-describedby=\"caption-attachment-9145\" style=\"width: 1386px\" class=\"wp-caption alignnone\"><a href=\"https:\/\/www.fernandovicente.es\/wp-content\/uploads\/2020\/06\/Lectura-en-casa-Fernando-Vicente-web.jpeg\"><img loading=\"lazy\" decoding=\"async\" class=\"size-full wp-image-9145\" src=\"https:\/\/www.fernandovicente.es\/wp-content\/uploads\/2020\/06\/Lectura-en-casa-Fernando-Vicente-web.jpeg\" alt=\"Lectura en casa FErnando Vicente\" width=\"1386\" height=\"900\" srcset=\"https:\/\/www.fernandovicente.es\/wp-content\/uploads\/2020\/06\/Lectura-en-casa-Fernando-Vicente-web.jpeg 1386w, https:\/\/www.fernandovicente.es\/wp-content\/uploads\/2020\/06\/Lectura-en-casa-Fernando-Vicente-web-600x390.jpeg 600w, https:\/\/www.fernandovicente.es\/wp-content\/uploads\/2020\/06\/Lectura-en-casa-Fernando-Vicente-web-300x195.jpeg 300w, https:\/\/www.fernandovicente.es\/wp-content\/uploads\/2020\/06\/Lectura-en-casa-Fernando-Vicente-web-768x499.jpeg 768w, https:\/\/www.fernandovicente.es\/wp-content\/uploads\/2020\/06\/Lectura-en-casa-Fernando-Vicente-web-1024x665.jpeg 1024w, https:\/\/www.fernandovicente.es\/wp-content\/uploads\/2020\/06\/Lectura-en-casa-Fernando-Vicente-web-430x279.jpeg 430w, https:\/\/www.fernandovicente.es\/wp-content\/uploads\/2020\/06\/Lectura-en-casa-Fernando-Vicente-web-860x558.jpeg 860w\" sizes=\"auto, (max-width: 1386px) 100vw, 1386px\" \/><\/a><figcaption id=\"caption-attachment-9145\" class=\"wp-caption-text\">Lectura en casa<\/figcaption><\/figure>\n","protected":false},"excerpt":{"rendered":"<p>Impresi\u00f3n Gicl\u00e9e en papel de algad\u00f3n Hanhem\u00fcle de 310gr de Alta calidad.<br \/>\nlustrado por Fernando Vicente<\/p>\n","protected":false},"featured_media":9146,"template":"","meta":[],"product_cat":[1292,456,2622,1807,1943],"product_tag":[2623,2624,2625,2626,2627,2628,2629,2630],"class_list":{"0":"post-9138","1":"product","2":"type-product","3":"status-publish","4":"has-post-thumbnail","6":"product_cat-big-prints-giglee-en","7":"product_cat-prints-en","8":"product_cat-prints-giclee-en","9":"product_cat-prints-giclee-30x40-en","10":"product_cat-small-prints-giclee-en","11":"product_tag-amor-por-los-libros-en","12":"product_tag-eme21-en","13":"product_tag-fernando-vicente-en","14":"product_tag-lectura-en","15":"product_tag-lectura-de-cuarentena-en","16":"product_tag-lectura-en-casa-en","17":"product_tag-libros-en","18":"product_tag-musica-en-los-balcones-en","19":"product_shipping_class-libros-impresiones-barajas-postales-originales-en","20":"pa_color-lectura-en-casa-en","21":"pa_tamano-245x33","22":"pa_tamano-30-x-40-cm","23":"pa_tamano-42-x-594-cm","24":"fb_product_set-tienda-online-woo","26":"first","27":"instock","28":"shipping-taxable","29":"purchasable","30":"product-type-variable","31":"wvs-archive-product-wrapper"},"yoast_head":"<!-- This site is optimized with the Yoast SEO plugin v26.9 - https:\/\/yoast.com\/product\/yoast-seo-wordpress\/ -->\n<title>Lectura en casa y musica - Fernando Vicente ilustrador<\/title>\n<meta name=\"description\" content=\"Lectura en casa La musica y un libro nuestros aliados en la cuarentena ilustrado por Fernando Vicente para la revista eme21\" \/>\n<meta name=\"robots\" content=\"index, follow, max-snippet:-1, max-image-preview:large, max-video-preview:-1\" \/>\n<link rel=\"canonical\" href=\"https:\/\/www.fernandovicente.es\/en\/shop-online-prints-books-original-cards-postcards-calendars-fernando-vicente\/lectura-en-casa\/\" \/>\n<meta property=\"og:locale\" content=\"en_US\" \/>\n<meta property=\"og:type\" content=\"article\" \/>\n<meta property=\"og:title\" content=\"Lectura en casa y musica - Fernando Vicente ilustrador\" \/>\n<meta property=\"og:description\" content=\"Lectura en casa La musica y un libro nuestros aliados en la cuarentena ilustrado por Fernando Vicente para la revista eme21\" \/>\n<meta property=\"og:url\" content=\"https:\/\/www.fernandovicente.es\/en\/shop-online-prints-books-original-cards-postcards-calendars-fernando-vicente\/lectura-en-casa\/\" \/>\n<meta property=\"og:site_name\" content=\"Fernando Vicente\" \/>\n<meta property=\"article:publisher\" content=\"https:\/\/www.facebook.com\/FernandoVicenteIllustrator\/\" \/>\n<meta property=\"article:modified_time\" content=\"2025-08-04T09:50:17+00:00\" \/>\n<meta property=\"og:image\" content=\"https:\/\/www.fernandovicente.es\/wp-content\/uploads\/2020\/06\/Lectura-en-casa-Fernando-Vicente-web.jpeg\" \/>\n\t<meta property=\"og:image:width\" content=\"1386\" \/>\n\t<meta property=\"og:image:height\" content=\"900\" \/>\n\t<meta property=\"og:image:type\" content=\"image\/jpeg\" \/>\n<meta name=\"twitter:card\" content=\"summary_large_image\" \/>\n<meta name=\"twitter:site\" content=\"@fvicente_illust\" \/>\n<script type=\"application\/ld+json\" class=\"yoast-schema-graph\">{\"@context\":\"https:\/\/schema.org\",\"@graph\":[{\"@type\":\"WebPage\",\"@id\":\"https:\/\/www.fernandovicente.es\/en\/shop-online-prints-books-original-cards-postcards-calendars-fernando-vicente\/lectura-en-casa\/\",\"url\":\"https:\/\/www.fernandovicente.es\/en\/shop-online-prints-books-original-cards-postcards-calendars-fernando-vicente\/lectura-en-casa\/\",\"name\":\"Lectura en casa y musica - Fernando Vicente ilustrador\",\"isPartOf\":{\"@id\":\"https:\/\/www.fernandovicente.es\/en\/#website\"},\"primaryImageOfPage\":{\"@id\":\"https:\/\/www.fernandovicente.es\/en\/shop-online-prints-books-original-cards-postcards-calendars-fernando-vicente\/lectura-en-casa\/#primaryimage\"},\"image\":{\"@id\":\"https:\/\/www.fernandovicente.es\/en\/shop-online-prints-books-original-cards-postcards-calendars-fernando-vicente\/lectura-en-casa\/#primaryimage\"},\"thumbnailUrl\":\"https:\/\/www.fernandovicente.es\/wp-content\/uploads\/2020\/06\/Lectura-en-casa-Fernando-Vicente-web.jpeg\",\"datePublished\":\"2020-06-03T16:27:51+00:00\",\"dateModified\":\"2025-08-04T09:50:17+00:00\",\"description\":\"Lectura en casa La musica y un libro nuestros aliados en la cuarentena ilustrado por Fernando Vicente para la revista eme21\",\"breadcrumb\":{\"@id\":\"https:\/\/www.fernandovicente.es\/en\/shop-online-prints-books-original-cards-postcards-calendars-fernando-vicente\/lectura-en-casa\/#breadcrumb\"},\"inLanguage\":\"en-US\",\"potentialAction\":[{\"@type\":\"ReadAction\",\"target\":[\"https:\/\/www.fernandovicente.es\/en\/shop-online-prints-books-original-cards-postcards-calendars-fernando-vicente\/lectura-en-casa\/\"]}]},{\"@type\":\"ImageObject\",\"inLanguage\":\"en-US\",\"@id\":\"https:\/\/www.fernandovicente.es\/en\/shop-online-prints-books-original-cards-postcards-calendars-fernando-vicente\/lectura-en-casa\/#primaryimage\",\"url\":\"https:\/\/www.fernandovicente.es\/wp-content\/uploads\/2020\/06\/Lectura-en-casa-Fernando-Vicente-web.jpeg\",\"contentUrl\":\"https:\/\/www.fernandovicente.es\/wp-content\/uploads\/2020\/06\/Lectura-en-casa-Fernando-Vicente-web.jpeg\",\"width\":1386,\"height\":900,\"caption\":\"Lectura en casa\"},{\"@type\":\"BreadcrumbList\",\"@id\":\"https:\/\/www.fernandovicente.es\/en\/shop-online-prints-books-original-cards-postcards-calendars-fernando-vicente\/lectura-en-casa\/#breadcrumb\",\"itemListElement\":[{\"@type\":\"ListItem\",\"position\":1,\"name\":\"Portada\",\"item\":\"https:\/\/www.fernandovicente.es\/en\/\"},{\"@type\":\"ListItem\",\"position\":2,\"name\":\"Shop Online\",\"item\":\"https:\/\/www.fernandovicente.es\/en\/shop-online-prints-books-original-cards-postcards-calendars-fernando-vicente\/\"},{\"@type\":\"ListItem\",\"position\":3,\"name\":\"Lectura en casa\"}]},{\"@type\":\"WebSite\",\"@id\":\"https:\/\/www.fernandovicente.es\/en\/#website\",\"url\":\"https:\/\/www.fernandovicente.es\/en\/\",\"name\":\"Fernando Vicente\",\"description\":\"Ilustraci\u00f3n\",\"publisher\":{\"@id\":\"https:\/\/www.fernandovicente.es\/en\/#\/schema\/person\/d49677cb48f2ea656b28261dd8f75d7f\"},\"potentialAction\":[{\"@type\":\"SearchAction\",\"target\":{\"@type\":\"EntryPoint\",\"urlTemplate\":\"https:\/\/www.fernandovicente.es\/en\/?s={search_term_string}\"},\"query-input\":{\"@type\":\"PropertyValueSpecification\",\"valueRequired\":true,\"valueName\":\"search_term_string\"}}],\"inLanguage\":\"en-US\"},{\"@type\":[\"Person\",\"Organization\"],\"@id\":\"https:\/\/www.fernandovicente.es\/en\/#\/schema\/person\/d49677cb48f2ea656b28261dd8f75d7f\",\"name\":\"Fernando Vicente\",\"image\":{\"@type\":\"ImageObject\",\"inLanguage\":\"en-US\",\"@id\":\"https:\/\/www.fernandovicente.es\/en\/#\/schema\/person\/image\/\",\"url\":\"https:\/\/www.fernandovicente.es\/wp-content\/uploads\/2014\/11\/fernando-vicente-Foto-e1419619123418.jpg\",\"contentUrl\":\"https:\/\/www.fernandovicente.es\/wp-content\/uploads\/2014\/11\/fernando-vicente-Foto-e1419619123418.jpg\",\"width\":300,\"height\":300,\"caption\":\"Fernando Vicente\"},\"logo\":{\"@id\":\"https:\/\/www.fernandovicente.es\/en\/#\/schema\/person\/image\/\"},\"description\":\"Fernando Vicente - Painter &amp; illustrator\",\"sameAs\":[\"http:\/\/www.fernandovicente.es\",\"https:\/\/www.facebook.com\/FernandoVicenteIllustrator\/\",\"https:\/\/www.instagram.com\/fvicente_illust\/\",\"https:\/\/www.linkedin.com\/in\/fernando-vicente-97595012\",\"https:\/\/www.pinterest.es\/FVicente_illust\/\",\"https:\/\/x.com\/https:\/\/twitter.com\/fvicente_illust\"]}]}<\/script>\n<!-- \/ Yoast SEO plugin. -->","yoast_head_json":{"title":"Lectura en casa y musica - Fernando Vicente ilustrador","description":"Lectura en casa La musica y un libro nuestros aliados en la cuarentena ilustrado por Fernando Vicente para la revista eme21","robots":{"index":"index","follow":"follow","max-snippet":"max-snippet:-1","max-image-preview":"max-image-preview:large","max-video-preview":"max-video-preview:-1"},"canonical":"https:\/\/www.fernandovicente.es\/en\/shop-online-prints-books-original-cards-postcards-calendars-fernando-vicente\/lectura-en-casa\/","og_locale":"en_US","og_type":"article","og_title":"Lectura en casa y musica - Fernando Vicente ilustrador","og_description":"Lectura en casa La musica y un libro nuestros aliados en la cuarentena ilustrado por Fernando Vicente para la revista eme21","og_url":"https:\/\/www.fernandovicente.es\/en\/shop-online-prints-books-original-cards-postcards-calendars-fernando-vicente\/lectura-en-casa\/","og_site_name":"Fernando Vicente","article_publisher":"https:\/\/www.facebook.com\/FernandoVicenteIllustrator\/","article_modified_time":"2025-08-04T09:50:17+00:00","og_image":[{"width":1386,"height":900,"url":"https:\/\/www.fernandovicente.es\/wp-content\/uploads\/2020\/06\/Lectura-en-casa-Fernando-Vicente-web.jpeg","type":"image\/jpeg"}],"twitter_card":"summary_large_image","twitter_site":"@fvicente_illust","schema":{"@context":"https:\/\/schema.org","@graph":[{"@type":"WebPage","@id":"https:\/\/www.fernandovicente.es\/en\/shop-online-prints-books-original-cards-postcards-calendars-fernando-vicente\/lectura-en-casa\/","url":"https:\/\/www.fernandovicente.es\/en\/shop-online-prints-books-original-cards-postcards-calendars-fernando-vicente\/lectura-en-casa\/","name":"Lectura en casa y musica - Fernando Vicente ilustrador","isPartOf":{"@id":"https:\/\/www.fernandovicente.es\/en\/#website"},"primaryImageOfPage":{"@id":"https:\/\/www.fernandovicente.es\/en\/shop-online-prints-books-original-cards-postcards-calendars-fernando-vicente\/lectura-en-casa\/#primaryimage"},"image":{"@id":"https:\/\/www.fernandovicente.es\/en\/shop-online-prints-books-original-cards-postcards-calendars-fernando-vicente\/lectura-en-casa\/#primaryimage"},"thumbnailUrl":"https:\/\/www.fernandovicente.es\/wp-content\/uploads\/2020\/06\/Lectura-en-casa-Fernando-Vicente-web.jpeg","datePublished":"2020-06-03T16:27:51+00:00","dateModified":"2025-08-04T09:50:17+00:00","description":"Lectura en casa La musica y un libro nuestros aliados en la cuarentena ilustrado por Fernando Vicente para la revista eme21","breadcrumb":{"@id":"https:\/\/www.fernandovicente.es\/en\/shop-online-prints-books-original-cards-postcards-calendars-fernando-vicente\/lectura-en-casa\/#breadcrumb"},"inLanguage":"en-US","potentialAction":[{"@type":"ReadAction","target":["https:\/\/www.fernandovicente.es\/en\/shop-online-prints-books-original-cards-postcards-calendars-fernando-vicente\/lectura-en-casa\/"]}]},{"@type":"ImageObject","inLanguage":"en-US","@id":"https:\/\/www.fernandovicente.es\/en\/shop-online-prints-books-original-cards-postcards-calendars-fernando-vicente\/lectura-en-casa\/#primaryimage","url":"https:\/\/www.fernandovicente.es\/wp-content\/uploads\/2020\/06\/Lectura-en-casa-Fernando-Vicente-web.jpeg","contentUrl":"https:\/\/www.fernandovicente.es\/wp-content\/uploads\/2020\/06\/Lectura-en-casa-Fernando-Vicente-web.jpeg","width":1386,"height":900,"caption":"Lectura en casa"},{"@type":"BreadcrumbList","@id":"https:\/\/www.fernandovicente.es\/en\/shop-online-prints-books-original-cards-postcards-calendars-fernando-vicente\/lectura-en-casa\/#breadcrumb","itemListElement":[{"@type":"ListItem","position":1,"name":"Portada","item":"https:\/\/www.fernandovicente.es\/en\/"},{"@type":"ListItem","position":2,"name":"Shop Online","item":"https:\/\/www.fernandovicente.es\/en\/shop-online-prints-books-original-cards-postcards-calendars-fernando-vicente\/"},{"@type":"ListItem","position":3,"name":"Lectura en casa"}]},{"@type":"WebSite","@id":"https:\/\/www.fernandovicente.es\/en\/#website","url":"https:\/\/www.fernandovicente.es\/en\/","name":"Fernando Vicente","description":"Ilustraci\u00f3n","publisher":{"@id":"https:\/\/www.fernandovicente.es\/en\/#\/schema\/person\/d49677cb48f2ea656b28261dd8f75d7f"},"potentialAction":[{"@type":"SearchAction","target":{"@type":"EntryPoint","urlTemplate":"https:\/\/www.fernandovicente.es\/en\/?s={search_term_string}"},"query-input":{"@type":"PropertyValueSpecification","valueRequired":true,"valueName":"search_term_string"}}],"inLanguage":"en-US"},{"@type":["Person","Organization"],"@id":"https:\/\/www.fernandovicente.es\/en\/#\/schema\/person\/d49677cb48f2ea656b28261dd8f75d7f","name":"Fernando Vicente","image":{"@type":"ImageObject","inLanguage":"en-US","@id":"https:\/\/www.fernandovicente.es\/en\/#\/schema\/person\/image\/","url":"https:\/\/www.fernandovicente.es\/wp-content\/uploads\/2014\/11\/fernando-vicente-Foto-e1419619123418.jpg","contentUrl":"https:\/\/www.fernandovicente.es\/wp-content\/uploads\/2014\/11\/fernando-vicente-Foto-e1419619123418.jpg","width":300,"height":300,"caption":"Fernando Vicente"},"logo":{"@id":"https:\/\/www.fernandovicente.es\/en\/#\/schema\/person\/image\/"},"description":"Fernando Vicente - Painter &amp; illustrator","sameAs":["http:\/\/www.fernandovicente.es","https:\/\/www.facebook.com\/FernandoVicenteIllustrator\/","https:\/\/www.instagram.com\/fvicente_illust\/","https:\/\/www.linkedin.com\/in\/fernando-vicente-97595012","https:\/\/www.pinterest.es\/FVicente_illust\/","https:\/\/x.com\/https:\/\/twitter.com\/fvicente_illust"]}]}},"_links":{"self":[{"href":"https:\/\/www.fernandovicente.es\/en\/wp-json\/wp\/v2\/product\/9138","targetHints":{"allow":["GET"]}}],"collection":[{"href":"https:\/\/www.fernandovicente.es\/en\/wp-json\/wp\/v2\/product"}],"about":[{"href":"https:\/\/www.fernandovicente.es\/en\/wp-json\/wp\/v2\/types\/product"}],"wp:featuredmedia":[{"embeddable":true,"href":"https:\/\/www.fernandovicente.es\/en\/wp-json\/wp\/v2\/media\/9146"}],"wp:attachment":[{"href":"https:\/\/www.fernandovicente.es\/en\/wp-json\/wp\/v2\/media?parent=9138"}],"wp:term":[{"taxonomy":"product_cat","embeddable":true,"href":"https:\/\/www.fernandovicente.es\/en\/wp-json\/wp\/v2\/product_cat?post=9138"},{"taxonomy":"product_tag","embeddable":true,"href":"https:\/\/www.fernandovicente.es\/en\/wp-json\/wp\/v2\/product_tag?post=9138"}],"curies":[{"name":"wp","href":"https:\/\/api.w.org\/{rel}","templated":true}]}}