{"id":9465,"date":"2020-11-03T20:18:45","date_gmt":"2020-11-03T20:18:45","guid":{"rendered":"https:\/\/www.fernandovicente.es\/producto\/catalogo-serie-anatomias-de-fernando-vicente\/"},"modified":"2024-10-02T21:25:01","modified_gmt":"2024-10-02T19:25:01","slug":"catalogo-serie-anatomias-de-fernando-vicente","status":"publish","type":"product","link":"https:\/\/www.fernandovicente.es\/en\/shop-online-prints-books-original-cards-postcards-calendars-fernando-vicente\/catalogo-serie-anatomias-de-fernando-vicente\/","title":{"rendered":"Cat\u00e1logo serie Anatom\u00edas de Fernando Vicente"},"content":{"rendered":"<h1>Cat\u00e1logo serie Anatom\u00edas Fernando Vicente<\/h1>\n<h2>Este cat\u00e1logo recoge todas las piezas de\u00a0 la serie de <a href=\"https:\/\/www.fernandovicente.es\/pinturas\/anatomias-sobre-mecanicas\/\">Pintura &#8220;Anatom\u00edas&#8221; de Fernando Vicente.\u00a0<\/a>Todas ellas formaban parte de la exposicion en 2000 en la galeria Sen.<\/h2>\n<h2>Esta serie esta creada sobre laminas de mec\u00e1nicas de coches.<\/h2>\n<p>Los trabajos de pintura de Fernando que giran en torno al cuerpo y la figura humana.<\/p>\n<p>Anatom\u00edas son pinturas realizadas sobre carteles de mec\u00e1nica antigua asi como Atlas son pinturas sobre atlas escolares.<\/p>\n<p>Y para terminar Vanitas y Venus, dos series que ahondan en la naturaleza efimera de la belleza. Mezclando Anatomia y belleza.<\/p>\n<p><a href=\"https:\/\/www.fernandovicente.es\/producto\/fernando-vicente-anatomias-atlas-vanitas-y-venus\/\">Fernando Vicente Roads Publishing<\/a><\/p>\n<p>Puedes seguir el trabajo de fernando en su <a href=\"http:\/\/fernandovicenteblog.blogspot.com\/\">blog <\/a><\/p>\n<figure id=\"attachment_9448\" aria-describedby=\"caption-attachment-9448\" style=\"width: 766px\" class=\"wp-caption alignnone\"><a href=\"https:\/\/www.fernandovicente.es\/wp-content\/uploads\/2020\/11\/Catalogo-Anatomias-Fernando-Vicente.jpeg\"><img loading=\"lazy\" decoding=\"async\" class=\"wp-image-9448 size-full\" src=\"https:\/\/www.fernandovicente.es\/wp-content\/uploads\/2020\/11\/Catalogo-Anatomias-Fernando-Vicente.jpeg\" alt=\"Catalogo Anatomias Fernando Vicente\" width=\"766\" height=\"900\" srcset=\"https:\/\/www.fernandovicente.es\/wp-content\/uploads\/2020\/11\/Catalogo-Anatomias-Fernando-Vicente.jpeg 766w, https:\/\/www.fernandovicente.es\/wp-content\/uploads\/2020\/11\/Catalogo-Anatomias-Fernando-Vicente-600x705.jpeg 600w, https:\/\/www.fernandovicente.es\/wp-content\/uploads\/2020\/11\/Catalogo-Anatomias-Fernando-Vicente-255x300.jpeg 255w, https:\/\/www.fernandovicente.es\/wp-content\/uploads\/2020\/11\/Catalogo-Anatomias-Fernando-Vicente-430x505.jpeg 430w\" sizes=\"auto, (max-width: 766px) 100vw, 766px\" \/><\/a><figcaption id=\"caption-attachment-9448\" class=\"wp-caption-text\">Catalogo Anatomias Fernando Vicente<\/figcaption><\/figure>\n<figure id=\"attachment_9450\" aria-describedby=\"caption-attachment-9450\" style=\"width: 1200px\" class=\"wp-caption alignnone\"><a href=\"https:\/\/www.fernandovicente.es\/wp-content\/uploads\/2020\/11\/Catalogo-Anatomias-Fernando-Vicente2.jpeg\"><img loading=\"lazy\" decoding=\"async\" class=\"wp-image-9450 size-full\" src=\"https:\/\/www.fernandovicente.es\/wp-content\/uploads\/2020\/11\/Catalogo-Anatomias-Fernando-Vicente2.jpeg\" alt=\"Cat\u00e1logo serie Anatom\u00edas\" width=\"1200\" height=\"900\" srcset=\"https:\/\/www.fernandovicente.es\/wp-content\/uploads\/2020\/11\/Catalogo-Anatomias-Fernando-Vicente2.jpeg 1200w, https:\/\/www.fernandovicente.es\/wp-content\/uploads\/2020\/11\/Catalogo-Anatomias-Fernando-Vicente2-600x450.jpeg 600w, https:\/\/www.fernandovicente.es\/wp-content\/uploads\/2020\/11\/Catalogo-Anatomias-Fernando-Vicente2-300x225.jpeg 300w, https:\/\/www.fernandovicente.es\/wp-content\/uploads\/2020\/11\/Catalogo-Anatomias-Fernando-Vicente2-768x576.jpeg 768w, https:\/\/www.fernandovicente.es\/wp-content\/uploads\/2020\/11\/Catalogo-Anatomias-Fernando-Vicente2-1024x768.jpeg 1024w, https:\/\/www.fernandovicente.es\/wp-content\/uploads\/2020\/11\/Catalogo-Anatomias-Fernando-Vicente2-430x323.jpeg 430w, https:\/\/www.fernandovicente.es\/wp-content\/uploads\/2020\/11\/Catalogo-Anatomias-Fernando-Vicente2-860x645.jpeg 860w\" sizes=\"auto, (max-width: 1200px) 100vw, 1200px\" \/><\/a><figcaption id=\"caption-attachment-9450\" class=\"wp-caption-text\">Medidor de sue\u00f1os<\/figcaption><\/figure>\n<figure id=\"attachment_9452\" aria-describedby=\"caption-attachment-9452\" style=\"width: 1200px\" class=\"wp-caption alignnone\"><a href=\"https:\/\/www.fernandovicente.es\/wp-content\/uploads\/2020\/11\/Catalogo-Anatomias-Fernando-Vicente3.jpeg\"><img loading=\"lazy\" decoding=\"async\" class=\"wp-image-9452 size-full\" src=\"https:\/\/www.fernandovicente.es\/wp-content\/uploads\/2020\/11\/Catalogo-Anatomias-Fernando-Vicente3.jpeg\" alt=\"Catalogo Anatomias Fernando Vicente\" width=\"1200\" height=\"900\" srcset=\"https:\/\/www.fernandovicente.es\/wp-content\/uploads\/2020\/11\/Catalogo-Anatomias-Fernando-Vicente3.jpeg 1200w, https:\/\/www.fernandovicente.es\/wp-content\/uploads\/2020\/11\/Catalogo-Anatomias-Fernando-Vicente3-600x450.jpeg 600w, https:\/\/www.fernandovicente.es\/wp-content\/uploads\/2020\/11\/Catalogo-Anatomias-Fernando-Vicente3-300x225.jpeg 300w, https:\/\/www.fernandovicente.es\/wp-content\/uploads\/2020\/11\/Catalogo-Anatomias-Fernando-Vicente3-768x576.jpeg 768w, https:\/\/www.fernandovicente.es\/wp-content\/uploads\/2020\/11\/Catalogo-Anatomias-Fernando-Vicente3-1024x768.jpeg 1024w, https:\/\/www.fernandovicente.es\/wp-content\/uploads\/2020\/11\/Catalogo-Anatomias-Fernando-Vicente3-430x323.jpeg 430w, https:\/\/www.fernandovicente.es\/wp-content\/uploads\/2020\/11\/Catalogo-Anatomias-Fernando-Vicente3-860x645.jpeg 860w\" sizes=\"auto, (max-width: 1200px) 100vw, 1200px\" \/><\/a><figcaption id=\"caption-attachment-9452\" class=\"wp-caption-text\">Pinup Anatomias Fernando Vicente<\/figcaption><\/figure>\n","protected":false},"excerpt":{"rendered":"<p>Cat\u00e1logo serie Anatom\u00edas Fernando Vicente Este cat\u00e1logo recoge todas las piezas de\u00a0 la serie de Pintura &#8220;Anatom\u00edas&#8221; de Fernando Vicente.\u00a0Todas ellas formaban parte de la&hellip;<\/p>\n","protected":false},"featured_media":9461,"template":"","meta":[],"product_cat":[432],"product_tag":[145,137,2763,2764,139,2765,2766,2767],"class_list":{"0":"post-9465","1":"product","2":"type-product","3":"status-publish","4":"has-post-thumbnail","6":"product_cat-books-en","7":"product_tag-anatomias-en","8":"product_tag-book-en","9":"product_tag-catologo-en","10":"product_tag-exposicion-en","11":"product_tag-libro-en","12":"product_tag-mecanica-en","13":"product_tag-pintura-en","14":"product_tag-roads-en","15":"product_shipping_class-envio-postal-en","16":"fb_product_set-tienda-online-woo","18":"first","19":"instock","20":"shipping-taxable","21":"purchasable","22":"product-type-simple"},"yoast_head":"<!-- This site is optimized with the Yoast SEO plugin v26.9 - https:\/\/yoast.com\/product\/yoast-seo-wordpress\/ -->\n<title>Cat\u00e1logo serie Anatom\u00edas de Fernando Vicente - Fernando Vicente<\/title>\n<meta name=\"description\" content=\"Cat\u00e1logo serie Anatom\u00edas de Fernando Vicente. Serie de Anatomia y laminas de mecanica de coches realizada en 2000 para la Galeria Sen de Madrid\" \/>\n<meta name=\"robots\" content=\"index, follow, max-snippet:-1, max-image-preview:large, max-video-preview:-1\" \/>\n<link rel=\"canonical\" href=\"https:\/\/www.fernandovicente.es\/en\/shop-online-prints-books-original-cards-postcards-calendars-fernando-vicente\/catalogo-serie-anatomias-de-fernando-vicente\/\" \/>\n<meta property=\"og:locale\" content=\"en_US\" \/>\n<meta property=\"og:type\" content=\"article\" \/>\n<meta property=\"og:title\" content=\"Cat\u00e1logo serie Anatom\u00edas de Fernando Vicente - Fernando Vicente\" \/>\n<meta property=\"og:description\" content=\"Cat\u00e1logo serie Anatom\u00edas de Fernando Vicente. Serie de Anatomia y laminas de mecanica de coches realizada en 2000 para la Galeria Sen de Madrid\" \/>\n<meta property=\"og:url\" content=\"https:\/\/www.fernandovicente.es\/en\/shop-online-prints-books-original-cards-postcards-calendars-fernando-vicente\/catalogo-serie-anatomias-de-fernando-vicente\/\" \/>\n<meta property=\"og:site_name\" content=\"Fernando Vicente\" \/>\n<meta property=\"article:publisher\" content=\"https:\/\/www.facebook.com\/FernandoVicenteIllustrator\/\" \/>\n<meta property=\"article:modified_time\" content=\"2024-10-02T19:25:01+00:00\" \/>\n<meta property=\"og:image\" content=\"https:\/\/www.fernandovicente.es\/wp-content\/uploads\/2020\/11\/Catalogo-Anatomias-Fernando-Vicente7.jpeg\" \/>\n\t<meta property=\"og:image:width\" content=\"675\" \/>\n\t<meta property=\"og:image:height\" content=\"900\" \/>\n\t<meta property=\"og:image:type\" content=\"image\/jpeg\" \/>\n<meta name=\"twitter:card\" content=\"summary_large_image\" \/>\n<meta name=\"twitter:site\" content=\"@fvicente_illust\" \/>\n<meta name=\"twitter:label1\" content=\"Est. reading time\" \/>\n\t<meta name=\"twitter:data1\" content=\"1 minute\" \/>\n<script type=\"application\/ld+json\" class=\"yoast-schema-graph\">{\"@context\":\"https:\/\/schema.org\",\"@graph\":[{\"@type\":\"WebPage\",\"@id\":\"https:\/\/www.fernandovicente.es\/en\/shop-online-prints-books-original-cards-postcards-calendars-fernando-vicente\/catalogo-serie-anatomias-de-fernando-vicente\/\",\"url\":\"https:\/\/www.fernandovicente.es\/en\/shop-online-prints-books-original-cards-postcards-calendars-fernando-vicente\/catalogo-serie-anatomias-de-fernando-vicente\/\",\"name\":\"Cat\u00e1logo serie Anatom\u00edas de Fernando Vicente - Fernando Vicente\",\"isPartOf\":{\"@id\":\"https:\/\/www.fernandovicente.es\/en\/#website\"},\"primaryImageOfPage\":{\"@id\":\"https:\/\/www.fernandovicente.es\/en\/shop-online-prints-books-original-cards-postcards-calendars-fernando-vicente\/catalogo-serie-anatomias-de-fernando-vicente\/#primaryimage\"},\"image\":{\"@id\":\"https:\/\/www.fernandovicente.es\/en\/shop-online-prints-books-original-cards-postcards-calendars-fernando-vicente\/catalogo-serie-anatomias-de-fernando-vicente\/#primaryimage\"},\"thumbnailUrl\":\"https:\/\/www.fernandovicente.es\/wp-content\/uploads\/2020\/11\/Catalogo-Anatomias-Fernando-Vicente7.jpeg\",\"datePublished\":\"2020-11-03T20:18:45+00:00\",\"dateModified\":\"2024-10-02T19:25:01+00:00\",\"description\":\"Cat\u00e1logo serie Anatom\u00edas de Fernando Vicente. Serie de Anatomia y laminas de mecanica de coches realizada en 2000 para la Galeria Sen de Madrid\",\"breadcrumb\":{\"@id\":\"https:\/\/www.fernandovicente.es\/en\/shop-online-prints-books-original-cards-postcards-calendars-fernando-vicente\/catalogo-serie-anatomias-de-fernando-vicente\/#breadcrumb\"},\"inLanguage\":\"en-US\",\"potentialAction\":[{\"@type\":\"ReadAction\",\"target\":[\"https:\/\/www.fernandovicente.es\/en\/shop-online-prints-books-original-cards-postcards-calendars-fernando-vicente\/catalogo-serie-anatomias-de-fernando-vicente\/\"]}]},{\"@type\":\"ImageObject\",\"inLanguage\":\"en-US\",\"@id\":\"https:\/\/www.fernandovicente.es\/en\/shop-online-prints-books-original-cards-postcards-calendars-fernando-vicente\/catalogo-serie-anatomias-de-fernando-vicente\/#primaryimage\",\"url\":\"https:\/\/www.fernandovicente.es\/wp-content\/uploads\/2020\/11\/Catalogo-Anatomias-Fernando-Vicente7.jpeg\",\"contentUrl\":\"https:\/\/www.fernandovicente.es\/wp-content\/uploads\/2020\/11\/Catalogo-Anatomias-Fernando-Vicente7.jpeg\",\"width\":675,\"height\":900,\"caption\":\"Catalogo Anatomias Fernando Vicente6\"},{\"@type\":\"BreadcrumbList\",\"@id\":\"https:\/\/www.fernandovicente.es\/en\/shop-online-prints-books-original-cards-postcards-calendars-fernando-vicente\/catalogo-serie-anatomias-de-fernando-vicente\/#breadcrumb\",\"itemListElement\":[{\"@type\":\"ListItem\",\"position\":1,\"name\":\"Portada\",\"item\":\"https:\/\/www.fernandovicente.es\/en\/\"},{\"@type\":\"ListItem\",\"position\":2,\"name\":\"Shop Online\",\"item\":\"https:\/\/www.fernandovicente.es\/en\/shop-online-prints-books-original-cards-postcards-calendars-fernando-vicente\/\"},{\"@type\":\"ListItem\",\"position\":3,\"name\":\"Cat\u00e1logo serie Anatom\u00edas de Fernando Vicente\"}]},{\"@type\":\"WebSite\",\"@id\":\"https:\/\/www.fernandovicente.es\/en\/#website\",\"url\":\"https:\/\/www.fernandovicente.es\/en\/\",\"name\":\"Fernando Vicente\",\"description\":\"Ilustraci\u00f3n\",\"publisher\":{\"@id\":\"https:\/\/www.fernandovicente.es\/en\/#\/schema\/person\/d49677cb48f2ea656b28261dd8f75d7f\"},\"potentialAction\":[{\"@type\":\"SearchAction\",\"target\":{\"@type\":\"EntryPoint\",\"urlTemplate\":\"https:\/\/www.fernandovicente.es\/en\/?s={search_term_string}\"},\"query-input\":{\"@type\":\"PropertyValueSpecification\",\"valueRequired\":true,\"valueName\":\"search_term_string\"}}],\"inLanguage\":\"en-US\"},{\"@type\":[\"Person\",\"Organization\"],\"@id\":\"https:\/\/www.fernandovicente.es\/en\/#\/schema\/person\/d49677cb48f2ea656b28261dd8f75d7f\",\"name\":\"Fernando Vicente\",\"image\":{\"@type\":\"ImageObject\",\"inLanguage\":\"en-US\",\"@id\":\"https:\/\/www.fernandovicente.es\/en\/#\/schema\/person\/image\/\",\"url\":\"https:\/\/www.fernandovicente.es\/wp-content\/uploads\/2014\/11\/fernando-vicente-Foto-e1419619123418.jpg\",\"contentUrl\":\"https:\/\/www.fernandovicente.es\/wp-content\/uploads\/2014\/11\/fernando-vicente-Foto-e1419619123418.jpg\",\"width\":300,\"height\":300,\"caption\":\"Fernando Vicente\"},\"logo\":{\"@id\":\"https:\/\/www.fernandovicente.es\/en\/#\/schema\/person\/image\/\"},\"description\":\"Fernando Vicente - Painter &amp; illustrator\",\"sameAs\":[\"http:\/\/www.fernandovicente.es\",\"https:\/\/www.facebook.com\/FernandoVicenteIllustrator\/\",\"https:\/\/www.instagram.com\/fvicente_illust\/\",\"https:\/\/www.linkedin.com\/in\/fernando-vicente-97595012\",\"https:\/\/www.pinterest.es\/FVicente_illust\/\",\"https:\/\/x.com\/https:\/\/twitter.com\/fvicente_illust\"]}]}<\/script>\n<!-- \/ Yoast SEO plugin. -->","yoast_head_json":{"title":"Cat\u00e1logo serie Anatom\u00edas de Fernando Vicente - Fernando Vicente","description":"Cat\u00e1logo serie Anatom\u00edas de Fernando Vicente. Serie de Anatomia y laminas de mecanica de coches realizada en 2000 para la Galeria Sen de Madrid","robots":{"index":"index","follow":"follow","max-snippet":"max-snippet:-1","max-image-preview":"max-image-preview:large","max-video-preview":"max-video-preview:-1"},"canonical":"https:\/\/www.fernandovicente.es\/en\/shop-online-prints-books-original-cards-postcards-calendars-fernando-vicente\/catalogo-serie-anatomias-de-fernando-vicente\/","og_locale":"en_US","og_type":"article","og_title":"Cat\u00e1logo serie Anatom\u00edas de Fernando Vicente - Fernando Vicente","og_description":"Cat\u00e1logo serie Anatom\u00edas de Fernando Vicente. Serie de Anatomia y laminas de mecanica de coches realizada en 2000 para la Galeria Sen de Madrid","og_url":"https:\/\/www.fernandovicente.es\/en\/shop-online-prints-books-original-cards-postcards-calendars-fernando-vicente\/catalogo-serie-anatomias-de-fernando-vicente\/","og_site_name":"Fernando Vicente","article_publisher":"https:\/\/www.facebook.com\/FernandoVicenteIllustrator\/","article_modified_time":"2024-10-02T19:25:01+00:00","og_image":[{"width":675,"height":900,"url":"https:\/\/www.fernandovicente.es\/wp-content\/uploads\/2020\/11\/Catalogo-Anatomias-Fernando-Vicente7.jpeg","type":"image\/jpeg"}],"twitter_card":"summary_large_image","twitter_site":"@fvicente_illust","twitter_misc":{"Est. reading time":"1 minute"},"schema":{"@context":"https:\/\/schema.org","@graph":[{"@type":"WebPage","@id":"https:\/\/www.fernandovicente.es\/en\/shop-online-prints-books-original-cards-postcards-calendars-fernando-vicente\/catalogo-serie-anatomias-de-fernando-vicente\/","url":"https:\/\/www.fernandovicente.es\/en\/shop-online-prints-books-original-cards-postcards-calendars-fernando-vicente\/catalogo-serie-anatomias-de-fernando-vicente\/","name":"Cat\u00e1logo serie Anatom\u00edas de Fernando Vicente - Fernando Vicente","isPartOf":{"@id":"https:\/\/www.fernandovicente.es\/en\/#website"},"primaryImageOfPage":{"@id":"https:\/\/www.fernandovicente.es\/en\/shop-online-prints-books-original-cards-postcards-calendars-fernando-vicente\/catalogo-serie-anatomias-de-fernando-vicente\/#primaryimage"},"image":{"@id":"https:\/\/www.fernandovicente.es\/en\/shop-online-prints-books-original-cards-postcards-calendars-fernando-vicente\/catalogo-serie-anatomias-de-fernando-vicente\/#primaryimage"},"thumbnailUrl":"https:\/\/www.fernandovicente.es\/wp-content\/uploads\/2020\/11\/Catalogo-Anatomias-Fernando-Vicente7.jpeg","datePublished":"2020-11-03T20:18:45+00:00","dateModified":"2024-10-02T19:25:01+00:00","description":"Cat\u00e1logo serie Anatom\u00edas de Fernando Vicente. Serie de Anatomia y laminas de mecanica de coches realizada en 2000 para la Galeria Sen de Madrid","breadcrumb":{"@id":"https:\/\/www.fernandovicente.es\/en\/shop-online-prints-books-original-cards-postcards-calendars-fernando-vicente\/catalogo-serie-anatomias-de-fernando-vicente\/#breadcrumb"},"inLanguage":"en-US","potentialAction":[{"@type":"ReadAction","target":["https:\/\/www.fernandovicente.es\/en\/shop-online-prints-books-original-cards-postcards-calendars-fernando-vicente\/catalogo-serie-anatomias-de-fernando-vicente\/"]}]},{"@type":"ImageObject","inLanguage":"en-US","@id":"https:\/\/www.fernandovicente.es\/en\/shop-online-prints-books-original-cards-postcards-calendars-fernando-vicente\/catalogo-serie-anatomias-de-fernando-vicente\/#primaryimage","url":"https:\/\/www.fernandovicente.es\/wp-content\/uploads\/2020\/11\/Catalogo-Anatomias-Fernando-Vicente7.jpeg","contentUrl":"https:\/\/www.fernandovicente.es\/wp-content\/uploads\/2020\/11\/Catalogo-Anatomias-Fernando-Vicente7.jpeg","width":675,"height":900,"caption":"Catalogo Anatomias Fernando Vicente6"},{"@type":"BreadcrumbList","@id":"https:\/\/www.fernandovicente.es\/en\/shop-online-prints-books-original-cards-postcards-calendars-fernando-vicente\/catalogo-serie-anatomias-de-fernando-vicente\/#breadcrumb","itemListElement":[{"@type":"ListItem","position":1,"name":"Portada","item":"https:\/\/www.fernandovicente.es\/en\/"},{"@type":"ListItem","position":2,"name":"Shop Online","item":"https:\/\/www.fernandovicente.es\/en\/shop-online-prints-books-original-cards-postcards-calendars-fernando-vicente\/"},{"@type":"ListItem","position":3,"name":"Cat\u00e1logo serie Anatom\u00edas de Fernando Vicente"}]},{"@type":"WebSite","@id":"https:\/\/www.fernandovicente.es\/en\/#website","url":"https:\/\/www.fernandovicente.es\/en\/","name":"Fernando Vicente","description":"Ilustraci\u00f3n","publisher":{"@id":"https:\/\/www.fernandovicente.es\/en\/#\/schema\/person\/d49677cb48f2ea656b28261dd8f75d7f"},"potentialAction":[{"@type":"SearchAction","target":{"@type":"EntryPoint","urlTemplate":"https:\/\/www.fernandovicente.es\/en\/?s={search_term_string}"},"query-input":{"@type":"PropertyValueSpecification","valueRequired":true,"valueName":"search_term_string"}}],"inLanguage":"en-US"},{"@type":["Person","Organization"],"@id":"https:\/\/www.fernandovicente.es\/en\/#\/schema\/person\/d49677cb48f2ea656b28261dd8f75d7f","name":"Fernando Vicente","image":{"@type":"ImageObject","inLanguage":"en-US","@id":"https:\/\/www.fernandovicente.es\/en\/#\/schema\/person\/image\/","url":"https:\/\/www.fernandovicente.es\/wp-content\/uploads\/2014\/11\/fernando-vicente-Foto-e1419619123418.jpg","contentUrl":"https:\/\/www.fernandovicente.es\/wp-content\/uploads\/2014\/11\/fernando-vicente-Foto-e1419619123418.jpg","width":300,"height":300,"caption":"Fernando Vicente"},"logo":{"@id":"https:\/\/www.fernandovicente.es\/en\/#\/schema\/person\/image\/"},"description":"Fernando Vicente - Painter &amp; illustrator","sameAs":["http:\/\/www.fernandovicente.es","https:\/\/www.facebook.com\/FernandoVicenteIllustrator\/","https:\/\/www.instagram.com\/fvicente_illust\/","https:\/\/www.linkedin.com\/in\/fernando-vicente-97595012","https:\/\/www.pinterest.es\/FVicente_illust\/","https:\/\/x.com\/https:\/\/twitter.com\/fvicente_illust"]}]}},"_links":{"self":[{"href":"https:\/\/www.fernandovicente.es\/en\/wp-json\/wp\/v2\/product\/9465","targetHints":{"allow":["GET"]}}],"collection":[{"href":"https:\/\/www.fernandovicente.es\/en\/wp-json\/wp\/v2\/product"}],"about":[{"href":"https:\/\/www.fernandovicente.es\/en\/wp-json\/wp\/v2\/types\/product"}],"wp:featuredmedia":[{"embeddable":true,"href":"https:\/\/www.fernandovicente.es\/en\/wp-json\/wp\/v2\/media\/9461"}],"wp:attachment":[{"href":"https:\/\/www.fernandovicente.es\/en\/wp-json\/wp\/v2\/media?parent=9465"}],"wp:term":[{"taxonomy":"product_cat","embeddable":true,"href":"https:\/\/www.fernandovicente.es\/en\/wp-json\/wp\/v2\/product_cat?post=9465"},{"taxonomy":"product_tag","embeddable":true,"href":"https:\/\/www.fernandovicente.es\/en\/wp-json\/wp\/v2\/product_tag?post=9465"}],"curies":[{"name":"wp","href":"https:\/\/api.w.org\/{rel}","templated":true}]}}